{"version":"1.0","provider_name":"PP de Galicia","provider_url":"https:\/\/ppdegalicia.com\/es\/","author_name":"ppdegaliciaredes","author_url":"https:\/\/ppdegalicia.com\/es\/author\/ppdegaliciaredes\/","title":"Lugo, unha moci\u00f3n de impulso - PP de Galicia","type":"rich","width":600,"height":338,"html":"<blockquote class=\"wp-embedded-content\" data-secret=\"A00vNG8mD8\"><a href=\"https:\/\/ppdegalicia.com\/es\/lugo-unha-mocion-de-impulso\/\"><span style=\"font-style: italic;\">Lugo, unha moci\u00f3n de impulso<\/span><\/a><\/blockquote><iframe sandbox=\"allow-scripts\" security=\"restricted\" src=\"https:\/\/ppdegalicia.com\/es\/lugo-unha-mocion-de-impulso\/embed\/#?secret=A00vNG8mD8\" width=\"600\" height=\"338\" title=\"\u00ab&lt;span style=&quot;font-style: italic;&quot;&gt;Lugo, unha moci\u00f3n de impulso&lt;\/span&gt;\u00bb \u2014 PP de Galicia\" data-secret=\"A00vNG8mD8\" frameborder=\"0\" marginwidth=\"0\" marginheight=\"0\" scrolling=\"no\" class=\"wp-embedded-content\"><\/iframe><script type=\"text\/javascript\">\n\/* <![CDATA[ *\/\n\/*! This file is auto-generated *\/\n!function(d,l){\"use strict\";l.querySelector&&d.addEventListener&&\"undefined\"!=typeof URL&&(d.wp=d.wp||{},d.wp.receiveEmbedMessage||(d.wp.receiveEmbedMessage=function(e){var t=e.data;if((t||t.secret||t.message||t.value)&&!\/[^a-zA-Z0-9]\/.test(t.secret)){for(var s,r,n,a=l.querySelectorAll('iframe[data-secret=\"'+t.secret+'\"]'),o=l.querySelectorAll('blockquote[data-secret=\"'+t.secret+'\"]'),c=new RegExp(\"^https?:$\",\"i\"),i=0;i<o.length;i++)o[i].style.display=\"none\";for(i=0;i<a.length;i++)s=a[i],e.source===s.contentWindow&&(s.removeAttribute(\"style\"),\"height\"===t.message?(1e3<(r=parseInt(t.value,10))?r=1e3:~~r<200&&(r=200),s.height=r):\"link\"===t.message&&(r=new URL(s.getAttribute(\"src\")),n=new URL(t.value),c.test(n.protocol))&&n.host===r.host&&l.activeElement===s&&(d.top.location.href=t.value))}},d.addEventListener(\"message\",d.wp.receiveEmbedMessage,!1),l.addEventListener(\"DOMContentLoaded\",function(){for(var e,t,s=l.querySelectorAll(\"iframe.wp-embedded-content\"),r=0;r<s.length;r++)(t=(e=s[r]).getAttribute(\"data-secret\"))||(t=Math.random().toString(36).substring(2,12),e.src+=\"#?secret=\"+t,e.setAttribute(\"data-secret\",t)),e.contentWindow.postMessage({message:\"ready\",secret:t},\"*\")},!1)))}(window,document);\n\/\/# sourceURL=https:\/\/ppdegalicia.com\/wp-includes\/js\/wp-embed.min.js\n\/* ]]> *\/\n<\/script>\n","thumbnail_url":"https:\/\/ppdegalicia.com\/wp-content\/uploads\/2026\/04\/WhatsApp-Image-2026-04-27-at-10.20.06.jpeg","thumbnail_width":1600,"thumbnail_height":1066,"description":"Entender a pol\u00edtica \u00e9 sinxelo: \u00e9 a ferramenta que nos d\u00e1 o privilexio de traballar por e para as persoas. Para mellorar a s\u00faa calidade de vida, atender demandas e resolver problemas. As\u00ed entende a pol\u00edtica Elena Candia. Ela e o PP de Lugo queren traballar por e para os veci\u00f1os. Deron un paso valente \u00e1 fronte, pensando na cidadan\u00eda e en reverter a situaci\u00f3n de par\u00e1lise e bloqueo que vive o concello.Coas elecci\u00f3ns ga\u00f1adas e a poucos votos da maior\u00eda absoluta levan tres anos traballando na oposici\u00f3n. De maneira intensa, xenerosa e comprometida que agora culmina cunha moci\u00f3n xunto a Mar\u00eda Reigosa, que tam\u00e9n entende a pol\u00edtica como un servizo p\u00fablico. Lonxe dos que xeran alboroto e enganos sobre o acontecido, esta moci\u00f3n de \u2018impulso\u2019 s\u00f3 ten un fin: darlle a Lugo o que merece. \u00c9 o momento de rematar con este desgoberno e impulsar medidas que resolvan os problemas da cidadan\u00eda."}