{"version":"1.0","provider_name":"PP de Galicia","provider_url":"https:\/\/ppdegalicia.com\/es\/","author_name":"ppdegaliciaredes","author_url":"https:\/\/ppdegalicia.com\/es\/author\/ppdegaliciaredes\/","title":"O Pleno do Parlamento pecha definitivamente a Comisi\u00f3n de Investigaci\u00f3n sobre a contrataci\u00f3n p\u00fablica da Xunta coa aprobaci\u00f3n do seu ditame - PP de Galicia","type":"rich","width":600,"height":338,"html":"<blockquote class=\"wp-embedded-content\" data-secret=\"9Jk8PatqnJ\"><a href=\"https:\/\/ppdegalicia.com\/es\/pechecomisioninvestigacion\/\">O Pleno do Parlamento pecha definitivamente a Comisi\u00f3n de Investigaci\u00f3n sobre a contrataci\u00f3n p\u00fablica da Xunta coa aprobaci\u00f3n do seu ditame<\/a><\/blockquote><iframe sandbox=\"allow-scripts\" security=\"restricted\" src=\"https:\/\/ppdegalicia.com\/es\/pechecomisioninvestigacion\/embed\/#?secret=9Jk8PatqnJ\" width=\"600\" height=\"338\" title=\"\u00abO Pleno do Parlamento pecha definitivamente a Comisi\u00f3n de Investigaci\u00f3n sobre a contrataci\u00f3n p\u00fablica da Xunta coa aprobaci\u00f3n do seu ditame\u00bb \u2014 PP de Galicia\" data-secret=\"9Jk8PatqnJ\" frameborder=\"0\" marginwidth=\"0\" marginheight=\"0\" scrolling=\"no\" class=\"wp-embedded-content\"><\/iframe><script type=\"text\/javascript\">\n\/* <![CDATA[ *\/\n\/*! This file is auto-generated *\/\n!function(d,l){\"use strict\";l.querySelector&&d.addEventListener&&\"undefined\"!=typeof URL&&(d.wp=d.wp||{},d.wp.receiveEmbedMessage||(d.wp.receiveEmbedMessage=function(e){var t=e.data;if((t||t.secret||t.message||t.value)&&!\/[^a-zA-Z0-9]\/.test(t.secret)){for(var s,r,n,a=l.querySelectorAll('iframe[data-secret=\"'+t.secret+'\"]'),o=l.querySelectorAll('blockquote[data-secret=\"'+t.secret+'\"]'),c=new RegExp(\"^https?:$\",\"i\"),i=0;i<o.length;i++)o[i].style.display=\"none\";for(i=0;i<a.length;i++)s=a[i],e.source===s.contentWindow&&(s.removeAttribute(\"style\"),\"height\"===t.message?(1e3<(r=parseInt(t.value,10))?r=1e3:~~r<200&&(r=200),s.height=r):\"link\"===t.message&&(r=new URL(s.getAttribute(\"src\")),n=new URL(t.value),c.test(n.protocol))&&n.host===r.host&&l.activeElement===s&&(d.top.location.href=t.value))}},d.addEventListener(\"message\",d.wp.receiveEmbedMessage,!1),l.addEventListener(\"DOMContentLoaded\",function(){for(var e,t,s=l.querySelectorAll(\"iframe.wp-embedded-content\"),r=0;r<s.length;r++)(t=(e=s[r]).getAttribute(\"data-secret\"))||(t=Math.random().toString(36).substring(2,12),e.src+=\"#?secret=\"+t,e.setAttribute(\"data-secret\",t)),e.contentWindow.postMessage({message:\"ready\",secret:t},\"*\")},!1)))}(window,document);\n\/\/# sourceURL=https:\/\/ppdegalicia.com\/wp-includes\/js\/wp-embed.min.js\n\/* ]]> *\/\n<\/script>\n","thumbnail_url":"https:\/\/ppdegalicia.com\/wp-content\/uploads\/2025\/01\/20250128_Pleno_Ordinario95-scaled.jpg","thumbnail_width":2560,"thumbnail_height":1707,"description":"\u00a0O Pleno do Parlamento de Galicia pechou definitivamente a Comisi\u00f3n de Investigaci\u00f3n sobre a contrataci\u00f3n p\u00fablica da Administraci\u00f3n auton\u00f3mica coa aprobaci\u00f3n do seu ditame, no que se constata que \u201cnon hai nin unha soa tacha de legalidade nin no proceso de construci\u00f3n do Hospital P\u00fablico \u00c1lvaro Cunqueiro, nin nos procesos de contrataci\u00f3n menor da Xunta, nin na contrataci\u00f3n de emerxencia efectuada pola Administraci\u00f3n P\u00fablica auton\u00f3mica e, particularmente, polo Servizo Galego de Sa\u00fade durante a pandemia\u201d, subli\u00f1ou o deputado popular Roberto Rodr\u00edguez."}