{"id":61260,"date":"2024-01-17T14:06:35","date_gmt":"2024-01-17T13:06:35","guid":{"rendered":"https:\/\/ppdegalicia.com\/actualidad-parlamento-europeo\/"},"modified":"2024-02-05T16:47:37","modified_gmt":"2024-02-05T14:47:37","slug":"actualidad-parlamento-europeo","status":"publish","type":"page","link":"https:\/\/ppdegalicia.com\/es\/actualidad-parlamento-europeo\/","title":{"rendered":"Actualidad Parlamento Europeo"},"content":{"rendered":"\t\t<div data-elementor-type=\"wp-page\" data-elementor-id=\"61260\" class=\"elementor elementor-61260 elementor-1750\">\n\t\t\t\t\t\t<section class=\"elementor-section elementor-top-section elementor-element elementor-element-9150040 elementor-section-boxed elementor-section-height-default elementor-section-height-default\" data-id=\"9150040\" data-element_type=\"section\" data-e-type=\"section\" data-settings=\"{&quot;jet_parallax_layout_list&quot;:[{&quot;jet_parallax_layout_image&quot;:{&quot;url&quot;:&quot;&quot;,&quot;id&quot;:&quot;&quot;,&quot;size&quot;:&quot;&quot;},&quot;_id&quot;:&quot;bd17729&quot;,&quot;jet_parallax_layout_speed&quot;:{&quot;unit&quot;:&quot;%&quot;,&quot;size&quot;:&quot;50&quot;,&quot;sizes&quot;:[]},&quot;jet_parallax_layout_bg_x&quot;:&quot;50&quot;,&quot;jet_parallax_layout_bg_y&quot;:&quot;50&quot;,&quot;jet_parallax_layout_image_tablet&quot;:{&quot;url&quot;:&quot;&quot;,&quot;id&quot;:&quot;&quot;,&quot;size&quot;:&quot;&quot;},&quot;jet_parallax_layout_image_mobile&quot;:{&quot;url&quot;:&quot;&quot;,&quot;id&quot;:&quot;&quot;,&quot;size&quot;:&quot;&quot;},&quot;jet_parallax_layout_type&quot;:&quot;scroll&quot;,&quot;jet_parallax_layout_direction&quot;:&quot;1&quot;,&quot;jet_parallax_layout_fx_direction&quot;:null,&quot;jet_parallax_layout_z_index&quot;:&quot;&quot;,&quot;jet_parallax_layout_bg_x_tablet&quot;:&quot;&quot;,&quot;jet_parallax_layout_bg_x_mobile&quot;:&quot;&quot;,&quot;jet_parallax_layout_bg_y_tablet&quot;:&quot;&quot;,&quot;jet_parallax_layout_bg_y_mobile&quot;:&quot;&quot;,&quot;jet_parallax_layout_bg_size&quot;:&quot;auto&quot;,&quot;jet_parallax_layout_bg_size_tablet&quot;:&quot;&quot;,&quot;jet_parallax_layout_bg_size_mobile&quot;:&quot;&quot;,&quot;jet_parallax_layout_animation_prop&quot;:&quot;transform&quot;,&quot;jet_parallax_layout_on&quot;:[&quot;desktop&quot;,&quot;tablet&quot;]}],&quot;background_background&quot;:&quot;classic&quot;}\">\n\t\t\t\t\t\t\t<div class=\"elementor-background-overlay\"><\/div>\n\t\t\t\t\t\t\t<div class=\"elementor-container elementor-column-gap-no\">\n\t\t\t\t\t<div class=\"elementor-column elementor-col-50 elementor-top-column elementor-element elementor-element-6791ebf\" data-id=\"6791ebf\" data-element_type=\"column\" data-e-type=\"column\">\n\t\t\t<div class=\"elementor-widget-wrap elementor-element-populated\">\n\t\t\t\t\t\t<div class=\"elementor-element elementor-element-241875a elementor-widget elementor-widget-heading\" data-id=\"241875a\" data-element_type=\"widget\" data-e-type=\"widget\" data-widget_type=\"heading.default\">\n\t\t\t\t<div class=\"elementor-widget-container\">\n\t\t\t\t\t<h1 class=\"elementor-heading-title elementor-size-default\">Actualidad<\/h1>\t\t\t\t<\/div>\n\t\t\t\t<\/div>\n\t\t\t\t<div class=\"elementor-element elementor-element-4a01cc1 elementor-widget elementor-widget-text-editor\" data-id=\"4a01cc1\" data-element_type=\"widget\" data-e-type=\"widget\" data-widget_type=\"text-editor.default\">\n\t\t\t\t<div class=\"elementor-widget-container\">\n\t\t\t\t\t\t\t\t\t<p>La actualidad del Parlamento Europeo<\/p>\n\t\t\t\t\t\t\t\t<\/div>\n\t\t\t\t<\/div>\n\t\t\t\t\t<\/div>\n\t\t<\/div>\n\t\t\t\t<div class=\"elementor-column elementor-col-50 elementor-top-column elementor-element elementor-element-b50ecfb\" data-id=\"b50ecfb\" data-element_type=\"column\" data-e-type=\"column\">\n\t\t\t<div class=\"elementor-widget-wrap\">\n\t\t\t\t\t\t\t<\/div>\n\t\t<\/div>\n\t\t\t\t\t<\/div>\n\t\t<\/section>\n\t\t\t\t<section class=\"elementor-section elementor-top-section elementor-element elementor-element-667f679d elementor-section-height-min-height elementor-section-boxed elementor-section-height-default elementor-section-items-middle\" data-id=\"667f679d\" data-element_type=\"section\" data-e-type=\"section\" data-settings=\"{&quot;jet_parallax_layout_list&quot;:[{&quot;_id&quot;:&quot;c0efbe1&quot;,&quot;jet_parallax_layout_image&quot;:{&quot;url&quot;:&quot;&quot;,&quot;id&quot;:&quot;&quot;,&quot;size&quot;:&quot;&quot;},&quot;jet_parallax_layout_image_tablet&quot;:{&quot;url&quot;:&quot;&quot;,&quot;id&quot;:&quot;&quot;,&quot;size&quot;:&quot;&quot;},&quot;jet_parallax_layout_image_mobile&quot;:{&quot;url&quot;:&quot;&quot;,&quot;id&quot;:&quot;&quot;,&quot;size&quot;:&quot;&quot;},&quot;jet_parallax_layout_speed&quot;:{&quot;unit&quot;:&quot;%&quot;,&quot;size&quot;:50,&quot;sizes&quot;:[]},&quot;jet_parallax_layout_type&quot;:&quot;scroll&quot;,&quot;jet_parallax_layout_direction&quot;:&quot;1&quot;,&quot;jet_parallax_layout_fx_direction&quot;:null,&quot;jet_parallax_layout_z_index&quot;:&quot;&quot;,&quot;jet_parallax_layout_bg_x&quot;:50,&quot;jet_parallax_layout_bg_x_tablet&quot;:&quot;&quot;,&quot;jet_parallax_layout_bg_x_mobile&quot;:&quot;&quot;,&quot;jet_parallax_layout_bg_y&quot;:50,&quot;jet_parallax_layout_bg_y_tablet&quot;:&quot;&quot;,&quot;jet_parallax_layout_bg_y_mobile&quot;:&quot;&quot;,&quot;jet_parallax_layout_bg_size&quot;:&quot;auto&quot;,&quot;jet_parallax_layout_bg_size_tablet&quot;:&quot;&quot;,&quot;jet_parallax_layout_bg_size_mobile&quot;:&quot;&quot;,&quot;jet_parallax_layout_animation_prop&quot;:&quot;transform&quot;,&quot;jet_parallax_layout_on&quot;:[&quot;desktop&quot;,&quot;tablet&quot;]}],&quot;background_background&quot;:&quot;classic&quot;}\">\n\t\t\t\t\t\t\t<div class=\"elementor-background-overlay\"><\/div>\n\t\t\t\t\t\t\t<div class=\"elementor-container elementor-column-gap-default\">\n\t\t\t\t\t<div class=\"elementor-column elementor-col-100 elementor-top-column elementor-element elementor-element-7fa70dc\" data-id=\"7fa70dc\" data-element_type=\"column\" data-e-type=\"column\">\n\t\t\t<div class=\"elementor-widget-wrap elementor-element-populated\">\n\t\t\t\t\t\t<div class=\"elementor-element elementor-element-4ddcf9e elementor-widget elementor-widget-raven-advanced-posts\" data-id=\"4ddcf9e\" data-element_type=\"widget\" data-e-type=\"widget\" data-settings=\"{&quot;query_posts_per_page&quot;:12,&quot;general_layout&quot;:&quot;grid&quot;,&quot;columns&quot;:&quot;3&quot;,&quot;columns_tablet&quot;:&quot;2&quot;,&quot;columns_mobile&quot;:&quot;1&quot;,&quot;pagination_type&quot;:&quot;page_based&quot;,&quot;query_orderby&quot;:&quot;date&quot;,&quot;query_offset&quot;:0}\" data-widget_type=\"raven-advanced-posts.default\">\n\t\t\t\t<div class=\"elementor-widget-container\">\n\t\t\t\t\t\t\t<div class=\"raven-posts raven-posts-grid\">\n\t\t\t\t\t\t<div class=\"advanced-posts-content content-layout-under-image raven-grid raven-grid-3 raven-grid-mobile-1 raven-grid-tablet-2  \" data-post-id=\"61260\" data-archive-query=\"\">\n\t\t\t\t<div class=\"raven-posts-item raven-grid-item  \"><div class=\"raven-post-wrapper \"><div class=\"raven-post  \"><div class=\"raven-post-image-wrap\"><a class=\"raven-post-image raven-image-fit\" href=\"https:\/\/ppdegalicia.com\/es\/millan-mon-pide-medidas-urgentes-y-ambiciosas-ante-el-aumento-de-los-precios-de-combustible\/\"> <img fetchpriority=\"high\" decoding=\"async\" width=\"1024\" height=\"683\" src=\"https:\/\/ppdegalicia.com\/wp-content\/uploads\/2026\/03\/Millan-Mon-1024x683.jpeg\" class=\"attachment-large size-large wp-image-70621\" alt=\"\" srcset=\"https:\/\/ppdegalicia.com\/wp-content\/uploads\/2026\/03\/Millan-Mon-1024x683.jpeg 1024w, https:\/\/ppdegalicia.com\/wp-content\/uploads\/2026\/03\/Millan-Mon-300x200.jpeg 300w, https:\/\/ppdegalicia.com\/wp-content\/uploads\/2026\/03\/Millan-Mon-768x512.jpeg 768w, https:\/\/ppdegalicia.com\/wp-content\/uploads\/2026\/03\/Millan-Mon-1536x1025.jpeg 1536w, https:\/\/ppdegalicia.com\/wp-content\/uploads\/2026\/03\/Millan-Mon.jpeg 2000w\" sizes=\"(max-width: 1024px) 100vw, 1024px\" \/><span class=\"raven-post-image-overlay\"><\/span><\/a><\/div><div class=\"raven-post-content\" data-id=\"70933\"><div class=\"raven-post-meta\"><a class=\"raven-post-meta-item raven-post-date\" href=\"https:\/\/ppdegalicia.com\/es\/2026\/04\/\" rel=\"bookmark\">mi\u00e9rcoles, 15 de abril de 2026<\/a><\/div><h3 class=\"raven-post-title\"><a class=\"raven-post-title-link\" href=\"https:\/\/ppdegalicia.com\/es\/millan-mon-pide-medidas-urgentes-y-ambiciosas-ante-el-aumento-de-los-precios-de-combustible\/\">Mill\u00e1n Mon pide medidas urgentes y ambiciosas ante el aumento de los precios de combustible<\/a><\/h3><div class=\"raven-post-excerpt\">El eurodiputado del Partido Popular\u00a0Francisco Mill\u00e1n Mon ha intervenido hoy en la Comisi\u00f3n de Pesca del Parlamento Europeo<\/div><div class=\"raven-post-read-more\"><a class=\"raven-post-button\" href=\"https:\/\/ppdegalicia.com\/es\/millan-mon-pide-medidas-urgentes-y-ambiciosas-ante-el-aumento-de-los-precios-de-combustible\/\"><span class=\"raven-post-button-text\">Leer m\u00e1s<\/span><\/a><\/div><\/div><\/div><\/div><\/div><div class=\"raven-posts-item raven-grid-item  \"><div class=\"raven-post-wrapper \"><div class=\"raven-post  \"><div class=\"raven-post-image-wrap\"><a class=\"raven-post-image raven-image-fit\" href=\"https:\/\/ppdegalicia.com\/es\/millan-mon-destaca-el-papel-estrategico-de-los-acuerdos-de-pesca-sostenible-de-la-ue\/\"> <img decoding=\"async\" width=\"1024\" height=\"768\" src=\"https:\/\/ppdegalicia.com\/wp-content\/uploads\/2026\/04\/20260408FranciscoMillanMon-1024x768.jpg\" class=\"attachment-large size-large wp-image-70871\" alt=\"\" srcset=\"https:\/\/ppdegalicia.com\/wp-content\/uploads\/2026\/04\/20260408FranciscoMillanMon-1024x768.jpg 1024w, https:\/\/ppdegalicia.com\/wp-content\/uploads\/2026\/04\/20260408FranciscoMillanMon-300x225.jpg 300w, https:\/\/ppdegalicia.com\/wp-content\/uploads\/2026\/04\/20260408FranciscoMillanMon-768x576.jpg 768w, https:\/\/ppdegalicia.com\/wp-content\/uploads\/2026\/04\/20260408FranciscoMillanMon.jpg 1200w\" sizes=\"(max-width: 1024px) 100vw, 1024px\" \/><span class=\"raven-post-image-overlay\"><\/span><\/a><\/div><div class=\"raven-post-content\" data-id=\"70846\"><div class=\"raven-post-meta\"><a class=\"raven-post-meta-item raven-post-date\" href=\"https:\/\/ppdegalicia.com\/es\/2026\/04\/\" rel=\"bookmark\">mi\u00e9rcoles, 8 de abril de 2026<\/a><\/div><h3 class=\"raven-post-title\"><a class=\"raven-post-title-link\" href=\"https:\/\/ppdegalicia.com\/es\/millan-mon-destaca-el-papel-estrategico-de-los-acuerdos-de-pesca-sostenible-de-la-ue\/\">Mill\u00e1n Mon destaca el papel estrat\u00e9gico de los acuerdos de pesca sostenible de la UE<\/a><\/h3><div class=\"raven-post-excerpt\">El eurodiputado del Partido Popular Francisco Mill\u00e1n Mon intervino hoy en una conferencia sobre el futuro de los<\/div><div class=\"raven-post-read-more\"><a class=\"raven-post-button\" href=\"https:\/\/ppdegalicia.com\/es\/millan-mon-destaca-el-papel-estrategico-de-los-acuerdos-de-pesca-sostenible-de-la-ue\/\"><span class=\"raven-post-button-text\">Leer m\u00e1s<\/span><\/a><\/div><\/div><\/div><\/div><\/div><div class=\"raven-posts-item raven-grid-item  \"><div class=\"raven-post-wrapper \"><div class=\"raven-post  \"><div class=\"raven-post-image-wrap\"><a class=\"raven-post-image raven-image-fit\" href=\"https:\/\/ppdegalicia.com\/es\/o-ppdeg-consegue-que-a-comision-europea-estude-a-proteccion-do-silicio-metalico-e-o-silicio-calcico-estratexicos-para-a-industria-galega-2\/\"> <img decoding=\"async\" width=\"1024\" height=\"682\" src=\"https:\/\/ppdegalicia.com\/wp-content\/uploads\/2026\/03\/WhatsApp-Image-2026-03-27-at-21.11.26-1024x682.jpeg\" class=\"attachment-large size-large wp-image-70754\" alt=\"\" srcset=\"https:\/\/ppdegalicia.com\/wp-content\/uploads\/2026\/03\/WhatsApp-Image-2026-03-27-at-21.11.26-1024x682.jpeg 1024w, https:\/\/ppdegalicia.com\/wp-content\/uploads\/2026\/03\/WhatsApp-Image-2026-03-27-at-21.11.26-300x200.jpeg 300w, https:\/\/ppdegalicia.com\/wp-content\/uploads\/2026\/03\/WhatsApp-Image-2026-03-27-at-21.11.26-768x512.jpeg 768w, https:\/\/ppdegalicia.com\/wp-content\/uploads\/2026\/03\/WhatsApp-Image-2026-03-27-at-21.11.26-1536x1023.jpeg 1536w, https:\/\/ppdegalicia.com\/wp-content\/uploads\/2026\/03\/WhatsApp-Image-2026-03-27-at-21.11.26.jpeg 1600w\" sizes=\"(max-width: 1024px) 100vw, 1024px\" \/><span class=\"raven-post-image-overlay\"><\/span><\/a><\/div><div class=\"raven-post-content\" data-id=\"70765\"><div class=\"raven-post-meta\"><a class=\"raven-post-meta-item raven-post-date\" href=\"https:\/\/ppdegalicia.com\/es\/2026\/03\/\" rel=\"bookmark\">viernes, 27 de marzo de 2026<\/a><\/div><h3 class=\"raven-post-title\"><a class=\"raven-post-title-link\" href=\"https:\/\/ppdegalicia.com\/es\/o-ppdeg-consegue-que-a-comision-europea-estude-a-proteccion-do-silicio-metalico-e-o-silicio-calcico-estratexicos-para-a-industria-galega-2\/\">O PPdeG consegue que a Comisi\u00f3n Europea estude a protecci\u00f3n do silicio met\u00e1lico e o silicio c\u00e1lcico, \u201cestrat\u00e9xicos\u201d para a industria galega<\/a><\/h3><div class=\"raven-post-excerpt\">O eurodeputado do PPdeG Adri\u00e1n V\u00e1zquez celebra a \u201cdisposici\u00f3n de colaborar\u201d da Comisi\u00f3n Europea coa s\u00faa petici\u00f3n de<\/div><div class=\"raven-post-read-more\"><a class=\"raven-post-button\" href=\"https:\/\/ppdegalicia.com\/es\/o-ppdeg-consegue-que-a-comision-europea-estude-a-proteccion-do-silicio-metalico-e-o-silicio-calcico-estratexicos-para-a-industria-galega-2\/\"><span class=\"raven-post-button-text\">Leer m\u00e1s<\/span><\/a><\/div><\/div><\/div><\/div><\/div><div class=\"raven-posts-item raven-grid-item  \"><div class=\"raven-post-wrapper \"><div class=\"raven-post  \"><div class=\"raven-post-image-wrap\"><a class=\"raven-post-image raven-image-fit\" href=\"https:\/\/ppdegalicia.com\/es\/millan-mon-subraya-que-la-comision-de-pesca-solicita-7-500-millones-de-euros-para-la-financiacion-de-la-pesca\/\"> <img fetchpriority=\"high\" decoding=\"async\" width=\"1024\" height=\"683\" src=\"https:\/\/ppdegalicia.com\/wp-content\/uploads\/2026\/03\/Millan-Mon-1024x683.jpeg\" class=\"attachment-large size-large wp-image-70621\" alt=\"\" srcset=\"https:\/\/ppdegalicia.com\/wp-content\/uploads\/2026\/03\/Millan-Mon-1024x683.jpeg 1024w, https:\/\/ppdegalicia.com\/wp-content\/uploads\/2026\/03\/Millan-Mon-300x200.jpeg 300w, https:\/\/ppdegalicia.com\/wp-content\/uploads\/2026\/03\/Millan-Mon-768x512.jpeg 768w, https:\/\/ppdegalicia.com\/wp-content\/uploads\/2026\/03\/Millan-Mon-1536x1025.jpeg 1536w, https:\/\/ppdegalicia.com\/wp-content\/uploads\/2026\/03\/Millan-Mon.jpeg 2000w\" sizes=\"(max-width: 1024px) 100vw, 1024px\" \/><span class=\"raven-post-image-overlay\"><\/span><\/a><\/div><div class=\"raven-post-content\" data-id=\"70620\"><div class=\"raven-post-meta\"><a class=\"raven-post-meta-item raven-post-date\" href=\"https:\/\/ppdegalicia.com\/es\/2026\/03\/\" rel=\"bookmark\">martes, 17 de marzo de 2026<\/a><\/div><h3 class=\"raven-post-title\"><a class=\"raven-post-title-link\" href=\"https:\/\/ppdegalicia.com\/es\/millan-mon-subraya-que-la-comision-de-pesca-solicita-7-500-millones-de-euros-para-la-financiacion-de-la-pesca\/\">Mill\u00e1n Mon subraya que la Comisi\u00f3n de Pesca solicita 7.500 millones de euros para la financiaci\u00f3n de la pesca<\/a><\/h3><div class=\"raven-post-excerpt\">El eurodiputado del Partido Popular Francisco Mill\u00e1n Mon ha intervenido hoy en la Comisi\u00f3n de Pesca del Parlamento<\/div><div class=\"raven-post-read-more\"><a class=\"raven-post-button\" href=\"https:\/\/ppdegalicia.com\/es\/millan-mon-subraya-que-la-comision-de-pesca-solicita-7-500-millones-de-euros-para-la-financiacion-de-la-pesca\/\"><span class=\"raven-post-button-text\">Leer m\u00e1s<\/span><\/a><\/div><\/div><\/div><\/div><\/div><div class=\"raven-posts-item raven-grid-item  \"><div class=\"raven-post-wrapper \"><div class=\"raven-post  \"><div class=\"raven-post-image-wrap\"><a class=\"raven-post-image raven-image-fit\" href=\"https:\/\/ppdegalicia.com\/es\/el-ppdeg-demanda-en-bruselas-una-simplificacion-de-las-ventas-de-vino-para-que-las-cinco-denominaciones-de-origen-gallegas-sean-imparables-en-el-mercado-europeo\/\"> <img loading=\"lazy\" decoding=\"async\" width=\"1024\" height=\"683\" src=\"https:\/\/ppdegalicia.com\/wp-content\/uploads\/2026\/03\/AVazquez-1024x683.jpg\" class=\"attachment-large size-large wp-image-70453\" alt=\"\" srcset=\"https:\/\/ppdegalicia.com\/wp-content\/uploads\/2026\/03\/AVazquez-1024x683.jpg 1024w, https:\/\/ppdegalicia.com\/wp-content\/uploads\/2026\/03\/AVazquez-300x200.jpg 300w, https:\/\/ppdegalicia.com\/wp-content\/uploads\/2026\/03\/AVazquez-768x512.jpg 768w, https:\/\/ppdegalicia.com\/wp-content\/uploads\/2026\/03\/AVazquez-1536x1024.jpg 1536w, https:\/\/ppdegalicia.com\/wp-content\/uploads\/2026\/03\/AVazquez-2048x1365.jpg 2048w\" sizes=\"(max-width: 1024px) 100vw, 1024px\" \/><span class=\"raven-post-image-overlay\"><\/span><\/a><\/div><div class=\"raven-post-content\" data-id=\"70583\"><div class=\"raven-post-meta\"><a class=\"raven-post-meta-item raven-post-date\" href=\"https:\/\/ppdegalicia.com\/es\/2026\/03\/\" rel=\"bookmark\">jueves, 12 de marzo de 2026<\/a><\/div><h3 class=\"raven-post-title\"><a class=\"raven-post-title-link\" href=\"https:\/\/ppdegalicia.com\/es\/el-ppdeg-demanda-en-bruselas-una-simplificacion-de-las-ventas-de-vino-para-que-las-cinco-denominaciones-de-origen-gallegas-sean-imparables-en-el-mercado-europeo\/\">El PPdeG demanda en Bruselas una simplificaci\u00f3n de las ventas de vino para que las cinco denominaciones de origen gallegas sean \u201cimparables\u201d en el mercado europeo<\/a><\/h3><div class=\"raven-post-excerpt\">El eurodiputado del PPdeG Adri\u00e1n V\u00e1zquez\u00a0demand\u00f3\u00a0en la Comisi\u00f3n Europea una simplificaci\u00f3n de las ventas de vino dentro del<\/div><div class=\"raven-post-read-more\"><a class=\"raven-post-button\" href=\"https:\/\/ppdegalicia.com\/es\/el-ppdeg-demanda-en-bruselas-una-simplificacion-de-las-ventas-de-vino-para-que-las-cinco-denominaciones-de-origen-gallegas-sean-imparables-en-el-mercado-europeo\/\"><span class=\"raven-post-button-text\">Leer m\u00e1s<\/span><\/a><\/div><\/div><\/div><\/div><\/div><div class=\"raven-posts-item raven-grid-item  \"><div class=\"raven-post-wrapper \"><div class=\"raven-post  \"><div class=\"raven-post-image-wrap\"><a class=\"raven-post-image raven-image-fit\" href=\"https:\/\/ppdegalicia.com\/es\/millan-mon-pide-una-reforma-puntual-del-reglamento-de-control-de-pesca\/\"> <img loading=\"lazy\" decoding=\"async\" width=\"1024\" height=\"683\" src=\"https:\/\/ppdegalicia.com\/wp-content\/uploads\/2026\/02\/20260225_MillanMon_Pesca-1024x683.jpg\" class=\"attachment-large size-large wp-image-70416\" alt=\"\" srcset=\"https:\/\/ppdegalicia.com\/wp-content\/uploads\/2026\/02\/20260225_MillanMon_Pesca-1024x683.jpg 1024w, https:\/\/ppdegalicia.com\/wp-content\/uploads\/2026\/02\/20260225_MillanMon_Pesca-300x200.jpg 300w, https:\/\/ppdegalicia.com\/wp-content\/uploads\/2026\/02\/20260225_MillanMon_Pesca-768x512.jpg 768w, https:\/\/ppdegalicia.com\/wp-content\/uploads\/2026\/02\/20260225_MillanMon_Pesca-1536x1024.jpg 1536w, https:\/\/ppdegalicia.com\/wp-content\/uploads\/2026\/02\/20260225_MillanMon_Pesca-2048x1366.jpg 2048w\" sizes=\"(max-width: 1024px) 100vw, 1024px\" \/><span class=\"raven-post-image-overlay\"><\/span><\/a><\/div><div class=\"raven-post-content\" data-id=\"70415\"><div class=\"raven-post-meta\"><a class=\"raven-post-meta-item raven-post-date\" href=\"https:\/\/ppdegalicia.com\/es\/2026\/02\/\" rel=\"bookmark\">mi\u00e9rcoles, 25 de febrero de 2026<\/a><\/div><h3 class=\"raven-post-title\"><a class=\"raven-post-title-link\" href=\"https:\/\/ppdegalicia.com\/es\/millan-mon-pide-una-reforma-puntual-del-reglamento-de-control-de-pesca\/\">Mill\u00e1n Mon pide una reforma puntual del Reglamento de Control de Pesca<\/a><\/h3><div class=\"raven-post-excerpt\">El eurodiputado del PPdeG Francisco Mill\u00e1n Mon intervino hoy en la reuni\u00f3n de la Comisi\u00f3n de Pesca del<\/div><div class=\"raven-post-read-more\"><a class=\"raven-post-button\" href=\"https:\/\/ppdegalicia.com\/es\/millan-mon-pide-una-reforma-puntual-del-reglamento-de-control-de-pesca\/\"><span class=\"raven-post-button-text\">Leer m\u00e1s<\/span><\/a><\/div><\/div><\/div><\/div><\/div><div class=\"raven-posts-item raven-grid-item  \"><div class=\"raven-post-wrapper \"><div class=\"raven-post  \"><div class=\"raven-post-image-wrap\"><a class=\"raven-post-image raven-image-fit\" href=\"https:\/\/ppdegalicia.com\/es\/adrian-vazquez-organizara-unha-pulpada-no-parlamento-europeo-para-ensinarlles-en-bruxelas-como-facemos-polbo-os-galegos\/\"> <img loading=\"lazy\" decoding=\"async\" width=\"1024\" height=\"768\" src=\"https:\/\/ppdegalicia.com\/wp-content\/uploads\/2026\/02\/20260220_AVazquez_Carballino-1024x768.jpg\" class=\"attachment-large size-large wp-image-70342\" alt=\"\" srcset=\"https:\/\/ppdegalicia.com\/wp-content\/uploads\/2026\/02\/20260220_AVazquez_Carballino-1024x768.jpg 1024w, https:\/\/ppdegalicia.com\/wp-content\/uploads\/2026\/02\/20260220_AVazquez_Carballino-300x225.jpg 300w, https:\/\/ppdegalicia.com\/wp-content\/uploads\/2026\/02\/20260220_AVazquez_Carballino-768x576.jpg 768w, https:\/\/ppdegalicia.com\/wp-content\/uploads\/2026\/02\/20260220_AVazquez_Carballino-1536x1152.jpg 1536w, https:\/\/ppdegalicia.com\/wp-content\/uploads\/2026\/02\/20260220_AVazquez_Carballino.jpg 1782w\" sizes=\"(max-width: 1024px) 100vw, 1024px\" \/><span class=\"raven-post-image-overlay\"><\/span><\/a><\/div><div class=\"raven-post-content\" data-id=\"70341\"><div class=\"raven-post-meta\"><a class=\"raven-post-meta-item raven-post-date\" href=\"https:\/\/ppdegalicia.com\/es\/2026\/02\/\" rel=\"bookmark\">viernes, 20 de febrero de 2026<\/a><\/div><h3 class=\"raven-post-title\"><a class=\"raven-post-title-link\" href=\"https:\/\/ppdegalicia.com\/es\/adrian-vazquez-organizara-unha-pulpada-no-parlamento-europeo-para-ensinarlles-en-bruxelas-como-facemos-polbo-os-galegos\/\">Adri\u00e1n V\u00e1zquez organizar\u00e1 unha pulpada no Parlamento Europeo para \u201censinarlles en Bruxelas como facemos polbo os galegos\u201d<\/a><\/h3><div class=\"raven-post-excerpt\">O eurodeputado do PPdeG Adri\u00e1n V\u00e1zquez anunciou hoxe no Carballi\u00f1o a organizaci\u00f3n dunha gran pulpada en Bruxelas. \u201cPara<\/div><div class=\"raven-post-read-more\"><a class=\"raven-post-button\" href=\"https:\/\/ppdegalicia.com\/es\/adrian-vazquez-organizara-unha-pulpada-no-parlamento-europeo-para-ensinarlles-en-bruxelas-como-facemos-polbo-os-galegos\/\"><span class=\"raven-post-button-text\">Leer m\u00e1s<\/span><\/a><\/div><\/div><\/div><\/div><\/div><div class=\"raven-posts-item raven-grid-item  \"><div class=\"raven-post-wrapper \"><div class=\"raven-post  \"><div class=\"raven-post-image-wrap\"><a class=\"raven-post-image raven-image-fit\" href=\"https:\/\/ppdegalicia.com\/es\/el-eurodiputado-adrian-vazquez-informa-en-vigo-sobre-la-simplificacion-regulatoria-a-empresas-en-la-ue-y-la-negociacion-para-retrasar-la-electrificacion\/\"> <img loading=\"lazy\" decoding=\"async\" width=\"1024\" height=\"742\" src=\"https:\/\/ppdegalicia.com\/wp-content\/uploads\/2026\/02\/160226-EurodiputadoVigo.jpg-1024x742.jpeg\" class=\"attachment-large size-large wp-image-70299\" alt=\"\" srcset=\"https:\/\/ppdegalicia.com\/wp-content\/uploads\/2026\/02\/160226-EurodiputadoVigo.jpg-1024x742.jpeg 1024w, https:\/\/ppdegalicia.com\/wp-content\/uploads\/2026\/02\/160226-EurodiputadoVigo.jpg-300x217.jpeg 300w, https:\/\/ppdegalicia.com\/wp-content\/uploads\/2026\/02\/160226-EurodiputadoVigo.jpg-768x556.jpeg 768w, https:\/\/ppdegalicia.com\/wp-content\/uploads\/2026\/02\/160226-EurodiputadoVigo.jpg-1536x1112.jpeg 1536w, https:\/\/ppdegalicia.com\/wp-content\/uploads\/2026\/02\/160226-EurodiputadoVigo.jpg.jpeg 2048w\" sizes=\"(max-width: 1024px) 100vw, 1024px\" \/><span class=\"raven-post-image-overlay\"><\/span><\/a><\/div><div class=\"raven-post-content\" data-id=\"70298\"><div class=\"raven-post-meta\"><a class=\"raven-post-meta-item raven-post-date\" href=\"https:\/\/ppdegalicia.com\/es\/2026\/02\/\" rel=\"bookmark\">lunes, 16 de febrero de 2026<\/a><\/div><h3 class=\"raven-post-title\"><a class=\"raven-post-title-link\" href=\"https:\/\/ppdegalicia.com\/es\/el-eurodiputado-adrian-vazquez-informa-en-vigo-sobre-la-simplificacion-regulatoria-a-empresas-en-la-ue-y-la-negociacion-para-retrasar-la-electrificacion\/\">El eurodiputado Adri\u00e1n V\u00e1zquez informa en Vigo sobre la simplificaci\u00f3n regulatoria a empresas en la UE y la negociaci\u00f3n para retrasar la electrificaci\u00f3n<\/a><\/h3><div class=\"raven-post-excerpt\">La presidenta del PP de Vigo, Luisa S\u00e1nchez, ha presentado este lunes al eurodiputado Adri\u00e1n V\u00e1zquez L\u00e1zara, en<\/div><div class=\"raven-post-read-more\"><a class=\"raven-post-button\" href=\"https:\/\/ppdegalicia.com\/es\/el-eurodiputado-adrian-vazquez-informa-en-vigo-sobre-la-simplificacion-regulatoria-a-empresas-en-la-ue-y-la-negociacion-para-retrasar-la-electrificacion\/\"><span class=\"raven-post-button-text\">Leer m\u00e1s<\/span><\/a><\/div><\/div><\/div><\/div><\/div><div class=\"raven-posts-item raven-grid-item  \"><div class=\"raven-post-wrapper \"><div class=\"raven-post  \"><div class=\"raven-post-image-wrap\"><a class=\"raven-post-image raven-image-fit\" href=\"https:\/\/ppdegalicia.com\/es\/millan-mon-anuncia-que-el-pp-ha-propuesto-elevar-a-7-000-millones-de-euros-los-fondos-para-la-pesca-en-el-proximo-marco-financiero-plurianual-de-la-ue\/\"> <img loading=\"lazy\" decoding=\"async\" width=\"1024\" height=\"682\" src=\"https:\/\/ppdegalicia.com\/wp-content\/uploads\/2026\/02\/20260211_MillanMon_Pesca-1024x682.jpeg\" class=\"attachment-large size-large wp-image-70270\" alt=\"\" srcset=\"https:\/\/ppdegalicia.com\/wp-content\/uploads\/2026\/02\/20260211_MillanMon_Pesca-1024x682.jpeg 1024w, https:\/\/ppdegalicia.com\/wp-content\/uploads\/2026\/02\/20260211_MillanMon_Pesca-300x200.jpeg 300w, https:\/\/ppdegalicia.com\/wp-content\/uploads\/2026\/02\/20260211_MillanMon_Pesca-768x512.jpeg 768w, https:\/\/ppdegalicia.com\/wp-content\/uploads\/2026\/02\/20260211_MillanMon_Pesca-1536x1024.jpeg 1536w, https:\/\/ppdegalicia.com\/wp-content\/uploads\/2026\/02\/20260211_MillanMon_Pesca-2048x1365.jpeg 2048w\" sizes=\"(max-width: 1024px) 100vw, 1024px\" \/><span class=\"raven-post-image-overlay\"><\/span><\/a><\/div><div class=\"raven-post-content\" data-id=\"70269\"><div class=\"raven-post-meta\"><a class=\"raven-post-meta-item raven-post-date\" href=\"https:\/\/ppdegalicia.com\/es\/2026\/02\/\" rel=\"bookmark\">mi\u00e9rcoles, 11 de febrero de 2026<\/a><\/div><h3 class=\"raven-post-title\"><a class=\"raven-post-title-link\" href=\"https:\/\/ppdegalicia.com\/es\/millan-mon-anuncia-que-el-pp-ha-propuesto-elevar-a-7-000-millones-de-euros-los-fondos-para-la-pesca-en-el-proximo-marco-financiero-plurianual-de-la-ue\/\">Mill\u00e1n Mon anuncia que el PP ha propuesto elevar a 7.000 millones de euros los fondos para la pesca en el pr\u00f3ximo Marco Financiero Plurianual de la UE<\/a><\/h3><div class=\"raven-post-excerpt\">El eurodiputado del Partido Popular de Galicia Francisco Mill\u00e1n Mon, miembro de la Comisi\u00f3n de Pesca, intervino hoy<\/div><div class=\"raven-post-read-more\"><a class=\"raven-post-button\" href=\"https:\/\/ppdegalicia.com\/es\/millan-mon-anuncia-que-el-pp-ha-propuesto-elevar-a-7-000-millones-de-euros-los-fondos-para-la-pesca-en-el-proximo-marco-financiero-plurianual-de-la-ue\/\"><span class=\"raven-post-button-text\">Leer m\u00e1s<\/span><\/a><\/div><\/div><\/div><\/div><\/div><div class=\"raven-posts-item raven-grid-item  \"><div class=\"raven-post-wrapper \"><div class=\"raven-post  \"><div class=\"raven-post-image-wrap\"><a class=\"raven-post-image raven-image-fit\" href=\"https:\/\/ppdegalicia.com\/es\/a-senadora-galega-carmen-leyte-logra-por-unanimidade-que-europa-se-pronuncie-en-contra-dun-protocolo-do-comite-de-ministros-sobre-o-ingreso-involuntario-en-pacientes-de-saude-mental\/\"> <img loading=\"lazy\" decoding=\"async\" width=\"1024\" height=\"681\" src=\"https:\/\/ppdegalicia.com\/wp-content\/uploads\/2026\/01\/202631_CarmenLeyte_ConselloEuropa.jpg-1024x681.jpeg\" class=\"attachment-large size-large wp-image-70036\" alt=\"\" srcset=\"https:\/\/ppdegalicia.com\/wp-content\/uploads\/2026\/01\/202631_CarmenLeyte_ConselloEuropa.jpg-1024x681.jpeg 1024w, https:\/\/ppdegalicia.com\/wp-content\/uploads\/2026\/01\/202631_CarmenLeyte_ConselloEuropa.jpg-300x200.jpeg 300w, https:\/\/ppdegalicia.com\/wp-content\/uploads\/2026\/01\/202631_CarmenLeyte_ConselloEuropa.jpg-768x511.jpeg 768w, https:\/\/ppdegalicia.com\/wp-content\/uploads\/2026\/01\/202631_CarmenLeyte_ConselloEuropa.jpg-1536x1022.jpeg 1536w, https:\/\/ppdegalicia.com\/wp-content\/uploads\/2026\/01\/202631_CarmenLeyte_ConselloEuropa.jpg.jpeg 2048w\" sizes=\"(max-width: 1024px) 100vw, 1024px\" \/><span class=\"raven-post-image-overlay\"><\/span><\/a><\/div><div class=\"raven-post-content\" data-id=\"70035\"><div class=\"raven-post-meta\"><a class=\"raven-post-meta-item raven-post-date\" href=\"https:\/\/ppdegalicia.com\/es\/2026\/01\/\" rel=\"bookmark\">s\u00e1bado, 31 de enero de 2026<\/a><\/div><h3 class=\"raven-post-title\"><a class=\"raven-post-title-link\" href=\"https:\/\/ppdegalicia.com\/es\/a-senadora-galega-carmen-leyte-logra-por-unanimidade-que-europa-se-pronuncie-en-contra-dun-protocolo-do-comite-de-ministros-sobre-o-ingreso-involuntario-en-pacientes-de-saude-mental\/\">A senadora galega Carmen Leyte logra por unanimidade que Europa se pronuncie en contra dun protocolo do Comit\u00e9 de Ministros sobre o ingreso involuntario en pacientes de sa\u00fade mental<\/a><\/h3><div class=\"raven-post-excerpt\">A senadora galega Carmen Leyte logrou\u00a0por unanimidade que a Asemblea Parlamentaria do Consello de Europa (PACE) se pronunciara<\/div><div class=\"raven-post-read-more\"><a class=\"raven-post-button\" href=\"https:\/\/ppdegalicia.com\/es\/a-senadora-galega-carmen-leyte-logra-por-unanimidade-que-europa-se-pronuncie-en-contra-dun-protocolo-do-comite-de-ministros-sobre-o-ingreso-involuntario-en-pacientes-de-saude-mental\/\"><span class=\"raven-post-button-text\">Leer m\u00e1s<\/span><\/a><\/div><\/div><\/div><\/div><\/div><div class=\"raven-posts-item raven-grid-item  \"><div class=\"raven-post-wrapper \"><div class=\"raven-post  \"><div class=\"raven-post-image-wrap\"><a class=\"raven-post-image raven-image-fit\" href=\"https:\/\/ppdegalicia.com\/es\/el-pp-lidera-la-aprobacion-de-unas-salvaguardias-en-mercosur-que-protegen-a-los-agricultores-y-refuerzan-el-seguimiento-y-control-de-productos\/\"> <img loading=\"lazy\" decoding=\"async\" width=\"1024\" height=\"683\" src=\"https:\/\/ppdegalicia.com\/wp-content\/uploads\/2026\/01\/210520-fresas-06av-1024x683.jpg\" class=\"attachment-large size-large wp-image-69961\" alt=\"\" srcset=\"https:\/\/ppdegalicia.com\/wp-content\/uploads\/2026\/01\/210520-fresas-06av-1024x683.jpg 1024w, https:\/\/ppdegalicia.com\/wp-content\/uploads\/2026\/01\/210520-fresas-06av-300x200.jpg 300w, https:\/\/ppdegalicia.com\/wp-content\/uploads\/2026\/01\/210520-fresas-06av-768x512.jpg 768w, https:\/\/ppdegalicia.com\/wp-content\/uploads\/2026\/01\/210520-fresas-06av.jpg 1200w\" sizes=\"(max-width: 1024px) 100vw, 1024px\" \/><span class=\"raven-post-image-overlay\"><\/span><\/a><\/div><div class=\"raven-post-content\" data-id=\"69960\"><div class=\"raven-post-meta\"><a class=\"raven-post-meta-item raven-post-date\" href=\"https:\/\/ppdegalicia.com\/es\/2026\/01\/\" rel=\"bookmark\">martes, 27 de enero de 2026<\/a><\/div><h3 class=\"raven-post-title\"><a class=\"raven-post-title-link\" href=\"https:\/\/ppdegalicia.com\/es\/el-pp-lidera-la-aprobacion-de-unas-salvaguardias-en-mercosur-que-protegen-a-los-agricultores-y-refuerzan-el-seguimiento-y-control-de-productos\/\">El PP lidera la aprobaci\u00f3n de unas salvaguardias en Mercosur que protegen a los agricultores, y refuerzan el seguimiento y control de productos<\/a><\/h3><div class=\"raven-post-excerpt\">La Comisi\u00f3n de Comercio Internacional del Parlamento Europeo ha aprobado hoy, gracias al Partido Popular pero sin el<\/div><div class=\"raven-post-read-more\"><a class=\"raven-post-button\" href=\"https:\/\/ppdegalicia.com\/es\/el-pp-lidera-la-aprobacion-de-unas-salvaguardias-en-mercosur-que-protegen-a-los-agricultores-y-refuerzan-el-seguimiento-y-control-de-productos\/\"><span class=\"raven-post-button-text\">Leer m\u00e1s<\/span><\/a><\/div><\/div><\/div><\/div><\/div><div class=\"raven-posts-item raven-grid-item  \"><div class=\"raven-post-wrapper \"><div class=\"raven-post  \"><div class=\"raven-post-image-wrap\"><a class=\"raven-post-image raven-image-fit\" href=\"https:\/\/ppdegalicia.com\/es\/millan-mon-demanda-un-paquete-legislativo-especifico-de-simplificacion-para-la-pesca\/\"> <img loading=\"lazy\" decoding=\"async\" width=\"1024\" height=\"768\" src=\"https:\/\/ppdegalicia.com\/wp-content\/uploads\/2026\/01\/20260127_MillanMon_ParlamentoEuropeo-1024x768.jpg\" class=\"attachment-large size-large wp-image-69956\" alt=\"\" srcset=\"https:\/\/ppdegalicia.com\/wp-content\/uploads\/2026\/01\/20260127_MillanMon_ParlamentoEuropeo-1024x768.jpg 1024w, https:\/\/ppdegalicia.com\/wp-content\/uploads\/2026\/01\/20260127_MillanMon_ParlamentoEuropeo-300x225.jpg 300w, https:\/\/ppdegalicia.com\/wp-content\/uploads\/2026\/01\/20260127_MillanMon_ParlamentoEuropeo-768x576.jpg 768w, https:\/\/ppdegalicia.com\/wp-content\/uploads\/2026\/01\/20260127_MillanMon_ParlamentoEuropeo-1536x1152.jpg 1536w, https:\/\/ppdegalicia.com\/wp-content\/uploads\/2026\/01\/20260127_MillanMon_ParlamentoEuropeo-2048x1536.jpg 2048w\" sizes=\"(max-width: 1024px) 100vw, 1024px\" \/><span class=\"raven-post-image-overlay\"><\/span><\/a><\/div><div class=\"raven-post-content\" data-id=\"69955\"><div class=\"raven-post-meta\"><a class=\"raven-post-meta-item raven-post-date\" href=\"https:\/\/ppdegalicia.com\/es\/2026\/01\/\" rel=\"bookmark\">martes, 27 de enero de 2026<\/a><\/div><h3 class=\"raven-post-title\"><a class=\"raven-post-title-link\" href=\"https:\/\/ppdegalicia.com\/es\/millan-mon-demanda-un-paquete-legislativo-especifico-de-simplificacion-para-la-pesca\/\">Mill\u00e1n Mon demanda un paquete legislativo espec\u00edfico de simplificaci\u00f3n para la pesca<\/a><\/h3><div class=\"raven-post-excerpt\">El eurodiputado del Partido Popular de Galicia Francisco Mill\u00e1n Mon intervino hoy en la Comisi\u00f3n de Pesca del<\/div><div class=\"raven-post-read-more\"><a class=\"raven-post-button\" href=\"https:\/\/ppdegalicia.com\/es\/millan-mon-demanda-un-paquete-legislativo-especifico-de-simplificacion-para-la-pesca\/\"><span class=\"raven-post-button-text\">Leer m\u00e1s<\/span><\/a><\/div><\/div><\/div><\/div><\/div>\t\t\t<\/div>\n\t\t\t<span class=\"raven-posts-preloader\"><\/span><div class=\"raven-pagination\" data-settings=\"{&quot;posts_per_page&quot;:12,&quot;total_pages&quot;:8,&quot;pages_visible&quot;:7}\"><div class=\"raven-pagination-items\"><a class=\"raven-pagination-prev raven-pagination-item raven-pagination-disabled\" href=\"#\">&laquo; Prev<\/a><a class=\"raven-pagination-num raven-pagination-item raven-pagination-active\" href=\"#\" data-page-num=\"1\">1<\/a><a class=\"raven-pagination-num raven-pagination-item\" href=\"#\" data-page-num=\"2\">2<\/a><a class=\"raven-pagination-num raven-pagination-item\" href=\"#\" data-page-num=\"3\">3<\/a><a class=\"raven-pagination-num raven-pagination-item\" href=\"#\" data-page-num=\"4\">4<\/a><a class=\"raven-pagination-num raven-pagination-item\" href=\"#\" data-page-num=\"5\">5<\/a><a class=\"raven-pagination-num raven-pagination-item\" href=\"#\" data-page-num=\"6\">6<\/a><a class=\"raven-pagination-num raven-pagination-item\" href=\"#\" data-page-num=\"7\">7<\/a><a class=\"raven-pagination-next raven-pagination-item\" href=\"#\">Next &raquo;<\/a><\/div><\/div>\t\t<\/div>\n\t\t\t\t\t\t<\/div>\n\t\t\t\t<\/div>\n\t\t\t\t\t<\/div>\n\t\t<\/div>\n\t\t\t\t\t<\/div>\n\t\t<\/section>\n\t\t\t\t<\/div>\n\t\t","protected":false},"excerpt":{"rendered":"<p>Actualidad La actualidad del Parlamento Europeo<\/p>\n","protected":false},"author":1,"featured_media":0,"parent":0,"menu_order":0,"comment_status":"closed","ping_status":"closed","template":"full-width.php","meta":{"_acf_changed":false,"footnotes":""},"class_list":["post-61260","page","type-page","status-publish","hentry"],"acf":[],"yoast_head":"<!-- This site is optimized with the Yoast SEO plugin v27.3 - https:\/\/yoast.com\/product\/yoast-seo-wordpress\/ -->\n<title>Actualidad Parlamento Europeo - PP de Galicia<\/title>\n<meta name=\"robots\" content=\"index, follow, max-snippet:-1, max-image-preview:large, max-video-preview:-1\" \/>\n<link rel=\"canonical\" href=\"https:\/\/ppdegalicia.com\/es\/actualidad-parlamento-europeo\/\" \/>\n<meta property=\"og:locale\" content=\"es_ES\" \/>\n<meta property=\"og:type\" content=\"article\" \/>\n<meta property=\"og:title\" content=\"Actualidad Parlamento Europeo - PP de Galicia\" \/>\n<meta property=\"og:description\" content=\"Actualidad La actualidad del Parlamento Europeo\" \/>\n<meta property=\"og:url\" content=\"https:\/\/ppdegalicia.com\/es\/actualidad-parlamento-europeo\/\" \/>\n<meta property=\"og:site_name\" content=\"PP de Galicia\" \/>\n<meta property=\"article:publisher\" content=\"https:\/\/www.instagram.com\/ppdegalicia\/\" \/>\n<meta property=\"article:modified_time\" content=\"2024-02-05T14:47:37+00:00\" \/>\n<meta name=\"twitter:card\" content=\"summary_large_image\" \/>\n<meta name=\"twitter:site\" content=\"@ppdegalicia\" \/>\n<script type=\"application\/ld+json\" class=\"yoast-schema-graph\">{\"@context\":\"https:\\\/\\\/schema.org\",\"@graph\":[{\"@type\":\"WebPage\",\"@id\":\"https:\\\/\\\/ppdegalicia.com\\\/es\\\/actualidad-parlamento-europeo\\\/\",\"url\":\"https:\\\/\\\/ppdegalicia.com\\\/es\\\/actualidad-parlamento-europeo\\\/\",\"name\":\"Actualidad Parlamento Europeo - PP de Galicia\",\"isPartOf\":{\"@id\":\"https:\\\/\\\/ppdegalicia.com\\\/es\\\/#website\"},\"datePublished\":\"2024-01-17T13:06:35+00:00\",\"dateModified\":\"2024-02-05T14:47:37+00:00\",\"breadcrumb\":{\"@id\":\"https:\\\/\\\/ppdegalicia.com\\\/es\\\/actualidad-parlamento-europeo\\\/#breadcrumb\"},\"inLanguage\":\"es\",\"potentialAction\":[{\"@type\":\"ReadAction\",\"target\":[\"https:\\\/\\\/ppdegalicia.com\\\/es\\\/actualidad-parlamento-europeo\\\/\"]}]},{\"@type\":\"BreadcrumbList\",\"@id\":\"https:\\\/\\\/ppdegalicia.com\\\/es\\\/actualidad-parlamento-europeo\\\/#breadcrumb\",\"itemListElement\":[{\"@type\":\"ListItem\",\"position\":1,\"name\":\"Portada\",\"item\":\"https:\\\/\\\/ppdegalicia.com\\\/es\\\/\"},{\"@type\":\"ListItem\",\"position\":2,\"name\":\"Actualidad Parlamento Europeo\"}]},{\"@type\":\"WebSite\",\"@id\":\"https:\\\/\\\/ppdegalicia.com\\\/es\\\/#website\",\"url\":\"https:\\\/\\\/ppdegalicia.com\\\/es\\\/\",\"name\":\"Partido Popular de Galicia\",\"description\":\"Partido Popular de Galicia\",\"publisher\":{\"@id\":\"https:\\\/\\\/ppdegalicia.com\\\/es\\\/#organization\"},\"alternateName\":\"PP de Galicia\",\"potentialAction\":[{\"@type\":\"SearchAction\",\"target\":{\"@type\":\"EntryPoint\",\"urlTemplate\":\"https:\\\/\\\/ppdegalicia.com\\\/es\\\/?s={search_term_string}\"},\"query-input\":{\"@type\":\"PropertyValueSpecification\",\"valueRequired\":true,\"valueName\":\"search_term_string\"}}],\"inLanguage\":\"es\"},{\"@type\":\"Organization\",\"@id\":\"https:\\\/\\\/ppdegalicia.com\\\/es\\\/#organization\",\"name\":\"Partido Popular de Galicia\",\"alternateName\":\"PP de Galicia\",\"url\":\"https:\\\/\\\/ppdegalicia.com\\\/es\\\/\",\"logo\":{\"@type\":\"ImageObject\",\"inLanguage\":\"es\",\"@id\":\"https:\\\/\\\/ppdegalicia.com\\\/es\\\/#\\\/schema\\\/logo\\\/image\\\/\",\"url\":\"https:\\\/\\\/ppdegalicia.com\\\/wp-content\\\/uploads\\\/2023\\\/04\\\/logoPP512.png\",\"contentUrl\":\"https:\\\/\\\/ppdegalicia.com\\\/wp-content\\\/uploads\\\/2023\\\/04\\\/logoPP512.png\",\"width\":512,\"height\":512,\"caption\":\"Partido Popular de Galicia\"},\"image\":{\"@id\":\"https:\\\/\\\/ppdegalicia.com\\\/es\\\/#\\\/schema\\\/logo\\\/image\\\/\"},\"sameAs\":[\"https:\\\/\\\/www.instagram.com\\\/ppdegalicia\\\/\",\"https:\\\/\\\/x.com\\\/ppdegalicia\",\"https:\\\/\\\/www.tiktok.com\\\/@ppdegalicia\",\"https:\\\/\\\/www.youtube.com\\\/user\\\/ppdegalicia\"]}]}<\/script>\n<!-- \/ Yoast SEO plugin. -->","yoast_head_json":{"title":"Actualidad Parlamento Europeo - PP de Galicia","robots":{"index":"index","follow":"follow","max-snippet":"max-snippet:-1","max-image-preview":"max-image-preview:large","max-video-preview":"max-video-preview:-1"},"canonical":"https:\/\/ppdegalicia.com\/es\/actualidad-parlamento-europeo\/","og_locale":"es_ES","og_type":"article","og_title":"Actualidad Parlamento Europeo - PP de Galicia","og_description":"Actualidad La actualidad del Parlamento Europeo","og_url":"https:\/\/ppdegalicia.com\/es\/actualidad-parlamento-europeo\/","og_site_name":"PP de Galicia","article_publisher":"https:\/\/www.instagram.com\/ppdegalicia\/","article_modified_time":"2024-02-05T14:47:37+00:00","twitter_card":"summary_large_image","twitter_site":"@ppdegalicia","schema":{"@context":"https:\/\/schema.org","@graph":[{"@type":"WebPage","@id":"https:\/\/ppdegalicia.com\/es\/actualidad-parlamento-europeo\/","url":"https:\/\/ppdegalicia.com\/es\/actualidad-parlamento-europeo\/","name":"Actualidad Parlamento Europeo - PP de Galicia","isPartOf":{"@id":"https:\/\/ppdegalicia.com\/es\/#website"},"datePublished":"2024-01-17T13:06:35+00:00","dateModified":"2024-02-05T14:47:37+00:00","breadcrumb":{"@id":"https:\/\/ppdegalicia.com\/es\/actualidad-parlamento-europeo\/#breadcrumb"},"inLanguage":"es","potentialAction":[{"@type":"ReadAction","target":["https:\/\/ppdegalicia.com\/es\/actualidad-parlamento-europeo\/"]}]},{"@type":"BreadcrumbList","@id":"https:\/\/ppdegalicia.com\/es\/actualidad-parlamento-europeo\/#breadcrumb","itemListElement":[{"@type":"ListItem","position":1,"name":"Portada","item":"https:\/\/ppdegalicia.com\/es\/"},{"@type":"ListItem","position":2,"name":"Actualidad Parlamento Europeo"}]},{"@type":"WebSite","@id":"https:\/\/ppdegalicia.com\/es\/#website","url":"https:\/\/ppdegalicia.com\/es\/","name":"Partido Popular de Galicia","description":"Partido Popular de Galicia","publisher":{"@id":"https:\/\/ppdegalicia.com\/es\/#organization"},"alternateName":"PP de Galicia","potentialAction":[{"@type":"SearchAction","target":{"@type":"EntryPoint","urlTemplate":"https:\/\/ppdegalicia.com\/es\/?s={search_term_string}"},"query-input":{"@type":"PropertyValueSpecification","valueRequired":true,"valueName":"search_term_string"}}],"inLanguage":"es"},{"@type":"Organization","@id":"https:\/\/ppdegalicia.com\/es\/#organization","name":"Partido Popular de Galicia","alternateName":"PP de Galicia","url":"https:\/\/ppdegalicia.com\/es\/","logo":{"@type":"ImageObject","inLanguage":"es","@id":"https:\/\/ppdegalicia.com\/es\/#\/schema\/logo\/image\/","url":"https:\/\/ppdegalicia.com\/wp-content\/uploads\/2023\/04\/logoPP512.png","contentUrl":"https:\/\/ppdegalicia.com\/wp-content\/uploads\/2023\/04\/logoPP512.png","width":512,"height":512,"caption":"Partido Popular de Galicia"},"image":{"@id":"https:\/\/ppdegalicia.com\/es\/#\/schema\/logo\/image\/"},"sameAs":["https:\/\/www.instagram.com\/ppdegalicia\/","https:\/\/x.com\/ppdegalicia","https:\/\/www.tiktok.com\/@ppdegalicia","https:\/\/www.youtube.com\/user\/ppdegalicia"]}]}},"_links":{"self":[{"href":"https:\/\/ppdegalicia.com\/es\/wp-json\/wp\/v2\/pages\/61260","targetHints":{"allow":["GET"]}}],"collection":[{"href":"https:\/\/ppdegalicia.com\/es\/wp-json\/wp\/v2\/pages"}],"about":[{"href":"https:\/\/ppdegalicia.com\/es\/wp-json\/wp\/v2\/types\/page"}],"author":[{"embeddable":true,"href":"https:\/\/ppdegalicia.com\/es\/wp-json\/wp\/v2\/users\/1"}],"replies":[{"embeddable":true,"href":"https:\/\/ppdegalicia.com\/es\/wp-json\/wp\/v2\/comments?post=61260"}],"version-history":[{"count":1,"href":"https:\/\/ppdegalicia.com\/es\/wp-json\/wp\/v2\/pages\/61260\/revisions"}],"predecessor-version":[{"id":61261,"href":"https:\/\/ppdegalicia.com\/es\/wp-json\/wp\/v2\/pages\/61260\/revisions\/61261"}],"wp:attachment":[{"href":"https:\/\/ppdegalicia.com\/es\/wp-json\/wp\/v2\/media?parent=61260"}],"curies":[{"name":"wp","href":"https:\/\/api.w.org\/{rel}","templated":true}]}}