{"id":65713,"date":"2025-02-10T12:35:59","date_gmt":"2025-02-10T11:35:59","guid":{"rendered":"https:\/\/ppdegalicia.com\/actualidade-opinion\/"},"modified":"2025-02-10T12:42:27","modified_gmt":"2025-02-10T11:42:27","slug":"actualidade-opinion","status":"publish","type":"page","link":"https:\/\/ppdegalicia.com\/es\/actualidade-opinion\/","title":{"rendered":"Actualidad Opini\u00f3n"},"content":{"rendered":"\t\t<div data-elementor-type=\"wp-page\" data-elementor-id=\"65713\" class=\"elementor elementor-65713 elementor-65705\">\n\t\t\t\t\t\t<section class=\"elementor-section elementor-top-section elementor-element elementor-element-9150040 elementor-section-boxed elementor-section-height-default elementor-section-height-default\" data-id=\"9150040\" data-element_type=\"section\" data-e-type=\"section\" data-settings=\"{&quot;jet_parallax_layout_list&quot;:[{&quot;jet_parallax_layout_image&quot;:{&quot;url&quot;:&quot;&quot;,&quot;id&quot;:&quot;&quot;,&quot;size&quot;:&quot;&quot;},&quot;_id&quot;:&quot;bd17729&quot;,&quot;jet_parallax_layout_speed&quot;:{&quot;unit&quot;:&quot;%&quot;,&quot;size&quot;:&quot;50&quot;,&quot;sizes&quot;:[]},&quot;jet_parallax_layout_bg_x&quot;:&quot;50&quot;,&quot;jet_parallax_layout_bg_y&quot;:&quot;50&quot;,&quot;jet_parallax_layout_image_tablet&quot;:{&quot;url&quot;:&quot;&quot;,&quot;id&quot;:&quot;&quot;,&quot;size&quot;:&quot;&quot;},&quot;jet_parallax_layout_image_mobile&quot;:{&quot;url&quot;:&quot;&quot;,&quot;id&quot;:&quot;&quot;,&quot;size&quot;:&quot;&quot;},&quot;jet_parallax_layout_type&quot;:&quot;scroll&quot;,&quot;jet_parallax_layout_direction&quot;:&quot;1&quot;,&quot;jet_parallax_layout_fx_direction&quot;:null,&quot;jet_parallax_layout_z_index&quot;:&quot;&quot;,&quot;jet_parallax_layout_bg_x_tablet&quot;:&quot;&quot;,&quot;jet_parallax_layout_bg_x_mobile&quot;:&quot;&quot;,&quot;jet_parallax_layout_bg_y_tablet&quot;:&quot;&quot;,&quot;jet_parallax_layout_bg_y_mobile&quot;:&quot;&quot;,&quot;jet_parallax_layout_bg_size&quot;:&quot;auto&quot;,&quot;jet_parallax_layout_bg_size_tablet&quot;:&quot;&quot;,&quot;jet_parallax_layout_bg_size_mobile&quot;:&quot;&quot;,&quot;jet_parallax_layout_animation_prop&quot;:&quot;transform&quot;,&quot;jet_parallax_layout_on&quot;:[&quot;desktop&quot;,&quot;tablet&quot;]}],&quot;background_background&quot;:&quot;classic&quot;}\">\n\t\t\t\t\t\t\t<div class=\"elementor-background-overlay\"><\/div>\n\t\t\t\t\t\t\t<div class=\"elementor-container elementor-column-gap-no\">\n\t\t\t\t\t<div class=\"elementor-column elementor-col-50 elementor-top-column elementor-element elementor-element-6791ebf\" data-id=\"6791ebf\" data-element_type=\"column\" data-e-type=\"column\">\n\t\t\t<div class=\"elementor-widget-wrap elementor-element-populated\">\n\t\t\t\t\t\t<div class=\"elementor-element elementor-element-241875a elementor-widget elementor-widget-heading\" data-id=\"241875a\" data-element_type=\"widget\" data-e-type=\"widget\" data-widget_type=\"heading.default\">\n\t\t\t\t<div class=\"elementor-widget-container\">\n\t\t\t\t\t<h1 class=\"elementor-heading-title elementor-size-default\">Actualidad<\/h1>\t\t\t\t<\/div>\n\t\t\t\t<\/div>\n\t\t\t\t<div class=\"elementor-element elementor-element-4a01cc1 elementor-widget elementor-widget-text-editor\" data-id=\"4a01cc1\" data-element_type=\"widget\" data-e-type=\"widget\" data-widget_type=\"text-editor.default\">\n\t\t\t\t<div class=\"elementor-widget-container\">\n\t\t\t\t\t\t\t\t\t<p>Opini\u00f3n<\/p>\t\t\t\t\t\t\t\t<\/div>\n\t\t\t\t<\/div>\n\t\t\t\t\t<\/div>\n\t\t<\/div>\n\t\t\t\t<div class=\"elementor-column elementor-col-50 elementor-top-column elementor-element elementor-element-b50ecfb\" data-id=\"b50ecfb\" data-element_type=\"column\" data-e-type=\"column\">\n\t\t\t<div class=\"elementor-widget-wrap\">\n\t\t\t\t\t\t\t<\/div>\n\t\t<\/div>\n\t\t\t\t\t<\/div>\n\t\t<\/section>\n\t\t\t\t<section class=\"elementor-section elementor-top-section elementor-element elementor-element-667f679d elementor-section-height-min-height elementor-section-boxed elementor-section-height-default elementor-section-items-middle\" data-id=\"667f679d\" data-element_type=\"section\" data-e-type=\"section\" data-settings=\"{&quot;jet_parallax_layout_list&quot;:[{&quot;_id&quot;:&quot;c0efbe1&quot;,&quot;jet_parallax_layout_image&quot;:{&quot;url&quot;:&quot;&quot;,&quot;id&quot;:&quot;&quot;,&quot;size&quot;:&quot;&quot;},&quot;jet_parallax_layout_image_tablet&quot;:{&quot;url&quot;:&quot;&quot;,&quot;id&quot;:&quot;&quot;,&quot;size&quot;:&quot;&quot;},&quot;jet_parallax_layout_image_mobile&quot;:{&quot;url&quot;:&quot;&quot;,&quot;id&quot;:&quot;&quot;,&quot;size&quot;:&quot;&quot;},&quot;jet_parallax_layout_speed&quot;:{&quot;unit&quot;:&quot;%&quot;,&quot;size&quot;:50,&quot;sizes&quot;:[]},&quot;jet_parallax_layout_type&quot;:&quot;scroll&quot;,&quot;jet_parallax_layout_direction&quot;:&quot;1&quot;,&quot;jet_parallax_layout_fx_direction&quot;:null,&quot;jet_parallax_layout_z_index&quot;:&quot;&quot;,&quot;jet_parallax_layout_bg_x&quot;:50,&quot;jet_parallax_layout_bg_x_tablet&quot;:&quot;&quot;,&quot;jet_parallax_layout_bg_x_mobile&quot;:&quot;&quot;,&quot;jet_parallax_layout_bg_y&quot;:50,&quot;jet_parallax_layout_bg_y_tablet&quot;:&quot;&quot;,&quot;jet_parallax_layout_bg_y_mobile&quot;:&quot;&quot;,&quot;jet_parallax_layout_bg_size&quot;:&quot;auto&quot;,&quot;jet_parallax_layout_bg_size_tablet&quot;:&quot;&quot;,&quot;jet_parallax_layout_bg_size_mobile&quot;:&quot;&quot;,&quot;jet_parallax_layout_animation_prop&quot;:&quot;transform&quot;,&quot;jet_parallax_layout_on&quot;:[&quot;desktop&quot;,&quot;tablet&quot;]}],&quot;background_background&quot;:&quot;classic&quot;}\">\n\t\t\t\t\t\t\t<div class=\"elementor-background-overlay\"><\/div>\n\t\t\t\t\t\t\t<div class=\"elementor-container elementor-column-gap-default\">\n\t\t\t\t\t<div class=\"elementor-column elementor-col-100 elementor-top-column elementor-element elementor-element-7fa70dc\" data-id=\"7fa70dc\" data-element_type=\"column\" data-e-type=\"column\">\n\t\t\t<div class=\"elementor-widget-wrap elementor-element-populated\">\n\t\t\t\t\t\t<div class=\"elementor-element elementor-element-4ddcf9e elementor-widget elementor-widget-raven-advanced-posts\" data-id=\"4ddcf9e\" data-element_type=\"widget\" data-e-type=\"widget\" data-settings=\"{&quot;query_posts_per_page&quot;:9,&quot;general_layout&quot;:&quot;grid&quot;,&quot;columns&quot;:&quot;3&quot;,&quot;columns_tablet&quot;:&quot;2&quot;,&quot;columns_mobile&quot;:&quot;1&quot;,&quot;pagination_type&quot;:&quot;page_based&quot;,&quot;query_orderby&quot;:&quot;date&quot;,&quot;query_offset&quot;:0}\" data-widget_type=\"raven-advanced-posts.default\">\n\t\t\t\t<div class=\"elementor-widget-container\">\n\t\t\t\t\t\t\t<div class=\"raven-posts raven-posts-grid\">\n\t\t\t\t\t\t<div class=\"advanced-posts-content content-layout-under-image raven-grid raven-grid-3 raven-grid-mobile-1 raven-grid-tablet-2  \" data-post-id=\"65713\" data-archive-query=\"\">\n\t\t\t\t<div class=\"raven-posts-item raven-grid-item  \"><div class=\"raven-post-wrapper \"><div class=\"raven-post  \"><div class=\"raven-post-image-wrap\"><a class=\"raven-post-image raven-image-fit\" href=\"https:\/\/ppdegalicia.com\/es\/lugo-gana-co-cambio\/\"> <img fetchpriority=\"high\" decoding=\"async\" width=\"1024\" height=\"682\" src=\"https:\/\/ppdegalicia.com\/wp-content\/uploads\/2026\/04\/WhatsApp-Image-2025-11-04-at-18.56.49-1024x682.jpeg\" class=\"attachment-large size-large wp-image-71056\" alt=\"\" srcset=\"https:\/\/ppdegalicia.com\/wp-content\/uploads\/2026\/04\/WhatsApp-Image-2025-11-04-at-18.56.49-1024x682.jpeg 1024w, https:\/\/ppdegalicia.com\/wp-content\/uploads\/2026\/04\/WhatsApp-Image-2025-11-04-at-18.56.49-300x200.jpeg 300w, https:\/\/ppdegalicia.com\/wp-content\/uploads\/2026\/04\/WhatsApp-Image-2025-11-04-at-18.56.49-768x512.jpeg 768w, https:\/\/ppdegalicia.com\/wp-content\/uploads\/2026\/04\/WhatsApp-Image-2025-11-04-at-18.56.49.jpeg 1280w\" sizes=\"(max-width: 1024px) 100vw, 1024px\" \/><span class=\"raven-post-image-overlay\"><\/span><\/a><\/div><div class=\"raven-post-content\" data-id=\"71055\"><div class=\"raven-post-meta\"><a class=\"raven-post-meta-item raven-post-date\" href=\"https:\/\/ppdegalicia.com\/es\/2026\/04\/\" rel=\"bookmark\">mi\u00e9rcoles, 29 de abril de 2026<\/a><\/div><h3 class=\"raven-post-title\"><a class=\"raven-post-title-link\" href=\"https:\/\/ppdegalicia.com\/es\/lugo-gana-co-cambio\/\"><span style=\"font-style: italic;\">Lugo ga\u00f1a co cambio<\/span><\/a><\/h3><div class=\"raven-post-excerpt\"><strong><em>Nicole Grueira<\/em><\/strong><br>\r\n\r\nHai momentos nos que unha cidade ten que decidir se segue instalada na resignaci\u00f3n ou se aposta por avanzar. Lugo leva demasiado tempo parada. E cando unha cidade se para, perde oportunidades e perde futuro.<\/div><div class=\"raven-post-read-more\"><a class=\"raven-post-button\" href=\"https:\/\/ppdegalicia.com\/es\/lugo-gana-co-cambio\/\"><span class=\"raven-post-button-text\">Leer m\u00e1s<\/span><\/a><\/div><\/div><\/div><\/div><\/div><div class=\"raven-posts-item raven-grid-item  \"><div class=\"raven-post-wrapper \"><div class=\"raven-post  \"><div class=\"raven-post-image-wrap\"><a class=\"raven-post-image raven-image-fit\" href=\"https:\/\/ppdegalicia.com\/es\/lugo-unha-mocion-de-impulso\/\"> <img decoding=\"async\" width=\"1024\" height=\"682\" src=\"https:\/\/ppdegalicia.com\/wp-content\/uploads\/2026\/04\/WhatsApp-Image-2026-04-27-at-10.20.06-1024x682.jpeg\" class=\"attachment-large size-large wp-image-71029\" alt=\"\" srcset=\"https:\/\/ppdegalicia.com\/wp-content\/uploads\/2026\/04\/WhatsApp-Image-2026-04-27-at-10.20.06-1024x682.jpeg 1024w, https:\/\/ppdegalicia.com\/wp-content\/uploads\/2026\/04\/WhatsApp-Image-2026-04-27-at-10.20.06-300x200.jpeg 300w, https:\/\/ppdegalicia.com\/wp-content\/uploads\/2026\/04\/WhatsApp-Image-2026-04-27-at-10.20.06-768x512.jpeg 768w, https:\/\/ppdegalicia.com\/wp-content\/uploads\/2026\/04\/WhatsApp-Image-2026-04-27-at-10.20.06-1536x1023.jpeg 1536w, https:\/\/ppdegalicia.com\/wp-content\/uploads\/2026\/04\/WhatsApp-Image-2026-04-27-at-10.20.06.jpeg 1600w\" sizes=\"(max-width: 1024px) 100vw, 1024px\" \/><span class=\"raven-post-image-overlay\"><\/span><\/a><\/div><div class=\"raven-post-content\" data-id=\"71028\"><div class=\"raven-post-meta\"><a class=\"raven-post-meta-item raven-post-date\" href=\"https:\/\/ppdegalicia.com\/es\/2026\/04\/\" rel=\"bookmark\">s\u00e1bado, 25 de abril de 2026<\/a><\/div><h3 class=\"raven-post-title\"><a class=\"raven-post-title-link\" href=\"https:\/\/ppdegalicia.com\/es\/lugo-unha-mocion-de-impulso\/\"><span style=\"font-style: italic;\">Lugo, unha moci\u00f3n de impulso<\/span><\/a><\/h3><div class=\"raven-post-excerpt\"><strong><em>Paula Prado del R\u00edo<\/em><\/strong><br>\r\n\r\nEntender a pol\u00edtica \u00e9 sinxelo: \u00e9 a ferramenta que nos d\u00e1 o privilexio de traballar por e para as persoas. Para mellorar a s\u00faa calidade de vida, atender demandas e resolver problemas. As\u00ed entende a pol\u00edtica Elena Candia. Ela e o PP de Lugo queren traballar por e para os veci\u00f1os.<\/div><div class=\"raven-post-read-more\"><a class=\"raven-post-button\" href=\"https:\/\/ppdegalicia.com\/es\/lugo-unha-mocion-de-impulso\/\"><span class=\"raven-post-button-text\">Leer m\u00e1s<\/span><\/a><\/div><\/div><\/div><\/div><\/div><div class=\"raven-posts-item raven-grid-item  \"><div class=\"raven-post-wrapper \"><div class=\"raven-post  \"><div class=\"raven-post-image-wrap\"><a class=\"raven-post-image raven-image-fit\" href=\"https:\/\/ppdegalicia.com\/es\/facer-o-ben-por-galicia-desde-a-politica\/\"> <img decoding=\"async\" width=\"1024\" height=\"768\" src=\"https:\/\/ppdegalicia.com\/wp-content\/uploads\/2026\/04\/NICOLE-GRUEIRA-FERNANDEZ-4-E-2-1024x768.jpg\" class=\"attachment-large size-large wp-image-70968\" alt=\"\" srcset=\"https:\/\/ppdegalicia.com\/wp-content\/uploads\/2026\/04\/NICOLE-GRUEIRA-FERNANDEZ-4-E-2-1024x768.jpg 1024w, https:\/\/ppdegalicia.com\/wp-content\/uploads\/2026\/04\/NICOLE-GRUEIRA-FERNANDEZ-4-E-2-300x225.jpg 300w, https:\/\/ppdegalicia.com\/wp-content\/uploads\/2026\/04\/NICOLE-GRUEIRA-FERNANDEZ-4-E-2-768x576.jpg 768w, https:\/\/ppdegalicia.com\/wp-content\/uploads\/2026\/04\/NICOLE-GRUEIRA-FERNANDEZ-4-E-2-1536x1152.jpg 1536w, https:\/\/ppdegalicia.com\/wp-content\/uploads\/2026\/04\/NICOLE-GRUEIRA-FERNANDEZ-4-E-2-2048x1536.jpg 2048w\" sizes=\"(max-width: 1024px) 100vw, 1024px\" \/><span class=\"raven-post-image-overlay\"><\/span><\/a><\/div><div class=\"raven-post-content\" data-id=\"70964\"><div class=\"raven-post-meta\"><a class=\"raven-post-meta-item raven-post-date\" href=\"https:\/\/ppdegalicia.com\/es\/2026\/04\/\" rel=\"bookmark\">domingo, 19 de abril de 2026<\/a><\/div><h3 class=\"raven-post-title\"><a class=\"raven-post-title-link\" href=\"https:\/\/ppdegalicia.com\/es\/facer-o-ben-por-galicia-desde-a-politica\/\"><span style=\"font-style: italic;\">Facer o ben por Galicia desde a pol\u00edtica<\/span><\/a><\/h3><div class=\"raven-post-excerpt\"><strong><em>Nicole Grueira Fern\u00e1ndez<\/em><\/strong><br>\r\n\r\nMeu av\u00f3 sempre me di: \u201cFai ben e non mires a quen\u201d. Esta reflexi\u00f3n sinxela, pero chea de sabedor\u00eda, \u00e9 a que gu\u00eda en cada unha das mi\u00f1as acci\u00f3ns.  \u00c9 tam\u00e9n a idea que me levou a entender a pol\u00edtica como unha<\/div><div class=\"raven-post-read-more\"><a class=\"raven-post-button\" href=\"https:\/\/ppdegalicia.com\/es\/facer-o-ben-por-galicia-desde-a-politica\/\"><span class=\"raven-post-button-text\">Leer m\u00e1s<\/span><\/a><\/div><\/div><\/div><\/div><\/div><div class=\"raven-posts-item raven-grid-item  \"><div class=\"raven-post-wrapper \"><div class=\"raven-post  \"><div class=\"raven-post-image-wrap\"><a class=\"raven-post-image raven-image-fit\" href=\"https:\/\/ppdegalicia.com\/es\/galicia-da-a-cara-fronte-a-crise\/\"> <img loading=\"lazy\" decoding=\"async\" width=\"1024\" height=\"683\" src=\"https:\/\/ppdegalicia.com\/wp-content\/uploads\/2026\/04\/53706989656_9d5caf3698_k-1024x683.jpg\" class=\"attachment-large size-large wp-image-70839\" alt=\"\" srcset=\"https:\/\/ppdegalicia.com\/wp-content\/uploads\/2026\/04\/53706989656_9d5caf3698_k-1024x683.jpg 1024w, https:\/\/ppdegalicia.com\/wp-content\/uploads\/2026\/04\/53706989656_9d5caf3698_k-300x200.jpg 300w, https:\/\/ppdegalicia.com\/wp-content\/uploads\/2026\/04\/53706989656_9d5caf3698_k-768x512.jpg 768w, https:\/\/ppdegalicia.com\/wp-content\/uploads\/2026\/04\/53706989656_9d5caf3698_k-1536x1024.jpg 1536w, https:\/\/ppdegalicia.com\/wp-content\/uploads\/2026\/04\/53706989656_9d5caf3698_k.jpg 2048w\" sizes=\"(max-width: 1024px) 100vw, 1024px\" \/><span class=\"raven-post-image-overlay\"><\/span><\/a><\/div><div class=\"raven-post-content\" data-id=\"70838\"><div class=\"raven-post-meta\"><a class=\"raven-post-meta-item raven-post-date\" href=\"https:\/\/ppdegalicia.com\/es\/2026\/04\/\" rel=\"bookmark\">lunes, 6 de abril de 2026<\/a><\/div><h3 class=\"raven-post-title\"><a class=\"raven-post-title-link\" href=\"https:\/\/ppdegalicia.com\/es\/galicia-da-a-cara-fronte-a-crise\/\"><span style=\"font-style: italic;\">Galicia d\u00e1 a cara fronte a crise<\/span><\/a><\/h3><div class=\"raven-post-excerpt\"><strong><em>J.M Barreiro<\/em><\/strong><br>\r\n\r\nCando estala unha crise internacional como a guerra en Oriente Medio hai d\u00faas maneiras de reaccionar:<\/div><div class=\"raven-post-read-more\"><a class=\"raven-post-button\" href=\"https:\/\/ppdegalicia.com\/es\/galicia-da-a-cara-fronte-a-crise\/\"><span class=\"raven-post-button-text\">Leer m\u00e1s<\/span><\/a><\/div><\/div><\/div><\/div><\/div><div class=\"raven-posts-item raven-grid-item  \"><div class=\"raven-post-wrapper \"><div class=\"raven-post  \"><div class=\"raven-post-image-wrap\"><a class=\"raven-post-image raven-image-fit\" href=\"https:\/\/ppdegalicia.com\/es\/regresions-e-terapias\/\"> <img loading=\"lazy\" decoding=\"async\" width=\"1024\" height=\"683\" src=\"https:\/\/ppdegalicia.com\/wp-content\/uploads\/2026\/04\/53735550037_1e09b30023_k-1024x683.jpg\" class=\"attachment-large size-large wp-image-70833\" alt=\"\" srcset=\"https:\/\/ppdegalicia.com\/wp-content\/uploads\/2026\/04\/53735550037_1e09b30023_k-1024x683.jpg 1024w, https:\/\/ppdegalicia.com\/wp-content\/uploads\/2026\/04\/53735550037_1e09b30023_k-300x200.jpg 300w, https:\/\/ppdegalicia.com\/wp-content\/uploads\/2026\/04\/53735550037_1e09b30023_k-768x512.jpg 768w, https:\/\/ppdegalicia.com\/wp-content\/uploads\/2026\/04\/53735550037_1e09b30023_k-1536x1024.jpg 1536w, https:\/\/ppdegalicia.com\/wp-content\/uploads\/2026\/04\/53735550037_1e09b30023_k.jpg 2047w\" sizes=\"(max-width: 1024px) 100vw, 1024px\" \/><span class=\"raven-post-image-overlay\"><\/span><\/a><\/div><div class=\"raven-post-content\" data-id=\"70832\"><div class=\"raven-post-meta\"><a class=\"raven-post-meta-item raven-post-date\" href=\"https:\/\/ppdegalicia.com\/es\/2026\/04\/\" rel=\"bookmark\">lunes, 6 de abril de 2026<\/a><\/div><h3 class=\"raven-post-title\"><a class=\"raven-post-title-link\" href=\"https:\/\/ppdegalicia.com\/es\/regresions-e-terapias\/\"><span style=\"font-style: italic;\">Regresi\u00f3ns e terapias<\/span><\/a><\/h3><div class=\"raven-post-excerpt\"><strong><em>Pedro Puy<\/em><\/strong><br>\r\nA procura na web do termo ingl\u00e9s crisis of democracy arroxa m\u00e1is de 140 mill\u00f3ns de entradas.<\/div><div class=\"raven-post-read-more\"><a class=\"raven-post-button\" href=\"https:\/\/ppdegalicia.com\/es\/regresions-e-terapias\/\"><span class=\"raven-post-button-text\">Leer m\u00e1s<\/span><\/a><\/div><\/div><\/div><\/div><\/div><div class=\"raven-posts-item raven-grid-item  \"><div class=\"raven-post-wrapper \"><div class=\"raven-post  \"><div class=\"raven-post-image-wrap\"><a class=\"raven-post-image raven-image-fit\" href=\"https:\/\/ppdegalicia.com\/es\/evega-corenta-anos-no-centro-do-sector-viticola\/\"> <img loading=\"lazy\" decoding=\"async\" width=\"1024\" height=\"683\" src=\"https:\/\/ppdegalicia.com\/wp-content\/uploads\/2026\/04\/20251024_C7-12-1-1024x683.jpg\" class=\"attachment-large size-large wp-image-70825\" alt=\"\" srcset=\"https:\/\/ppdegalicia.com\/wp-content\/uploads\/2026\/04\/20251024_C7-12-1-1024x683.jpg 1024w, https:\/\/ppdegalicia.com\/wp-content\/uploads\/2026\/04\/20251024_C7-12-1-300x200.jpg 300w, https:\/\/ppdegalicia.com\/wp-content\/uploads\/2026\/04\/20251024_C7-12-1-768x512.jpg 768w, https:\/\/ppdegalicia.com\/wp-content\/uploads\/2026\/04\/20251024_C7-12-1-1536x1024.jpg 1536w, https:\/\/ppdegalicia.com\/wp-content\/uploads\/2026\/04\/20251024_C7-12-1-2048x1365.jpg 2048w\" sizes=\"(max-width: 1024px) 100vw, 1024px\" \/><span class=\"raven-post-image-overlay\"><\/span><\/a><\/div><div class=\"raven-post-content\" data-id=\"70824\"><div class=\"raven-post-meta\"><a class=\"raven-post-meta-item raven-post-date\" href=\"https:\/\/ppdegalicia.com\/es\/2026\/04\/\" rel=\"bookmark\">domingo, 5 de abril de 2026<\/a><\/div><h3 class=\"raven-post-title\"><a class=\"raven-post-title-link\" href=\"https:\/\/ppdegalicia.com\/es\/evega-corenta-anos-no-centro-do-sector-viticola\/\"><span style=\"font-style: italic;\">Evega; corenta anos no centro do sector vit\u00edcola<\/span><\/a><\/h3><div class=\"raven-post-excerpt\"><strong><em>Juan Casares G\u00e1ndara<\/em><\/strong><br>\r\nA\u00ednda hoxe, estou convencido de que a Estaci\u00f3n de Viticultura e Enolox\u00eda de Galicia (Evega)<\/div><div class=\"raven-post-read-more\"><a class=\"raven-post-button\" href=\"https:\/\/ppdegalicia.com\/es\/evega-corenta-anos-no-centro-do-sector-viticola\/\"><span class=\"raven-post-button-text\">Leer m\u00e1s<\/span><\/a><\/div><\/div><\/div><\/div><\/div><div class=\"raven-posts-item raven-grid-item  \"><div class=\"raven-post-wrapper \"><div class=\"raven-post  \"><div class=\"raven-post-image-wrap\"><a class=\"raven-post-image raven-image-fit\" href=\"https:\/\/ppdegalicia.com\/es\/ley-de-costas-por-que-va-en-contra-de-galicia\/\"> <img loading=\"lazy\" decoding=\"async\" width=\"1024\" height=\"682\" src=\"https:\/\/ppdegalicia.com\/wp-content\/uploads\/2026\/03\/WhatsApp-Image-2026-03-27-at-21.11.26-1024x682.jpeg\" class=\"attachment-large size-large wp-image-70754\" alt=\"\" srcset=\"https:\/\/ppdegalicia.com\/wp-content\/uploads\/2026\/03\/WhatsApp-Image-2026-03-27-at-21.11.26-1024x682.jpeg 1024w, https:\/\/ppdegalicia.com\/wp-content\/uploads\/2026\/03\/WhatsApp-Image-2026-03-27-at-21.11.26-300x200.jpeg 300w, https:\/\/ppdegalicia.com\/wp-content\/uploads\/2026\/03\/WhatsApp-Image-2026-03-27-at-21.11.26-768x512.jpeg 768w, https:\/\/ppdegalicia.com\/wp-content\/uploads\/2026\/03\/WhatsApp-Image-2026-03-27-at-21.11.26-1536x1023.jpeg 1536w, https:\/\/ppdegalicia.com\/wp-content\/uploads\/2026\/03\/WhatsApp-Image-2026-03-27-at-21.11.26.jpeg 1600w\" sizes=\"(max-width: 1024px) 100vw, 1024px\" \/><span class=\"raven-post-image-overlay\"><\/span><\/a><\/div><div class=\"raven-post-content\" data-id=\"70836\"><div class=\"raven-post-meta\"><a class=\"raven-post-meta-item raven-post-date\" href=\"https:\/\/ppdegalicia.com\/es\/2026\/03\/\" rel=\"bookmark\">jueves, 26 de marzo de 2026<\/a><\/div><h3 class=\"raven-post-title\"><a class=\"raven-post-title-link\" href=\"https:\/\/ppdegalicia.com\/es\/ley-de-costas-por-que-va-en-contra-de-galicia\/\"><span style=\"font-style: italic;\">Ley de costas: \u00bfpor qu\u00e9 va en contra de Galicia?<\/span><\/a><\/h3><div class=\"raven-post-excerpt\"><strong><em>Adri\u00e1n V\u00e1zquez<\/em><\/strong><br>\r\n\r\nLa modificaci\u00f3n del Reglamento General de Costas propuesta por el Gobierno es un ejemplo de manual de c\u00f3mo vestir de obligaci\u00f3n t\u00e9cnica lo que es, en realidad, una decisi\u00f3n pol\u00edtica.<\/div><div class=\"raven-post-read-more\"><a class=\"raven-post-button\" href=\"https:\/\/ppdegalicia.com\/es\/ley-de-costas-por-que-va-en-contra-de-galicia\/\"><span class=\"raven-post-button-text\">Leer m\u00e1s<\/span><\/a><\/div><\/div><\/div><\/div><\/div><div class=\"raven-posts-item raven-grid-item  \"><div class=\"raven-post-wrapper \"><div class=\"raven-post  \"><div class=\"raven-post-image-wrap\"><a class=\"raven-post-image raven-image-fit\" href=\"https:\/\/ppdegalicia.com\/es\/fraga-e-os-que-non-entenden-as-maiorias-do-ppdeg\/\"> <img loading=\"lazy\" decoding=\"async\" width=\"1024\" height=\"683\" src=\"https:\/\/ppdegalicia.com\/wp-content\/uploads\/2026\/03\/20260225_GPP_Busto_Fraga5.jpg-1024x683.jpeg\" class=\"attachment-large size-large wp-image-70468\" alt=\"\" srcset=\"https:\/\/ppdegalicia.com\/wp-content\/uploads\/2026\/03\/20260225_GPP_Busto_Fraga5.jpg-1024x683.jpeg 1024w, https:\/\/ppdegalicia.com\/wp-content\/uploads\/2026\/03\/20260225_GPP_Busto_Fraga5.jpg-300x200.jpeg 300w, https:\/\/ppdegalicia.com\/wp-content\/uploads\/2026\/03\/20260225_GPP_Busto_Fraga5.jpg-768x512.jpeg 768w, https:\/\/ppdegalicia.com\/wp-content\/uploads\/2026\/03\/20260225_GPP_Busto_Fraga5.jpg-1536x1024.jpeg 1536w, https:\/\/ppdegalicia.com\/wp-content\/uploads\/2026\/03\/20260225_GPP_Busto_Fraga5.jpg-2048x1365.jpeg 2048w\" sizes=\"(max-width: 1024px) 100vw, 1024px\" \/><span class=\"raven-post-image-overlay\"><\/span><\/a><\/div><div class=\"raven-post-content\" data-id=\"70466\"><div class=\"raven-post-meta\"><a class=\"raven-post-meta-item raven-post-date\" href=\"https:\/\/ppdegalicia.com\/es\/2026\/03\/\" rel=\"bookmark\">martes, 3 de marzo de 2026<\/a><\/div><h3 class=\"raven-post-title\"><a class=\"raven-post-title-link\" href=\"https:\/\/ppdegalicia.com\/es\/fraga-e-os-que-non-entenden-as-maiorias-do-ppdeg\/\"><span style=\"font-style: italic;\">Fraga e os que non entenden as maior\u00edas do PPdeG<\/span><\/a><\/h3><div class=\"raven-post-excerpt\"><strong><em>Rodrigo Garc\u00eda<\/em><\/strong><br>\r\n\r\nNos \u00faltimos d\u00edas, a figura de Manuel Fraga volveu ser tema de debate na sociedade galega debido<\/div><div class=\"raven-post-read-more\"><a class=\"raven-post-button\" href=\"https:\/\/ppdegalicia.com\/es\/fraga-e-os-que-non-entenden-as-maiorias-do-ppdeg\/\"><span class=\"raven-post-button-text\">Leer m\u00e1s<\/span><\/a><\/div><\/div><\/div><\/div><\/div><div class=\"raven-posts-item raven-grid-item  \"><div class=\"raven-post-wrapper \"><div class=\"raven-post  \"><div class=\"raven-post-image-wrap\"><a class=\"raven-post-image raven-image-fit\" href=\"https:\/\/ppdegalicia.com\/es\/queremos-un-mercosur-con-garantias\/\"> <img loading=\"lazy\" decoding=\"async\" width=\"1024\" height=\"683\" src=\"https:\/\/ppdegalicia.com\/wp-content\/uploads\/2026\/01\/20241109_AVazquez_Explotacion_Cabalos_2.jpg-1024x683.jpeg\" class=\"attachment-large size-large wp-image-69929\" alt=\"\" srcset=\"https:\/\/ppdegalicia.com\/wp-content\/uploads\/2026\/01\/20241109_AVazquez_Explotacion_Cabalos_2.jpg-1024x683.jpeg 1024w, https:\/\/ppdegalicia.com\/wp-content\/uploads\/2026\/01\/20241109_AVazquez_Explotacion_Cabalos_2.jpg-300x200.jpeg 300w, https:\/\/ppdegalicia.com\/wp-content\/uploads\/2026\/01\/20241109_AVazquez_Explotacion_Cabalos_2.jpg-768x512.jpeg 768w, https:\/\/ppdegalicia.com\/wp-content\/uploads\/2026\/01\/20241109_AVazquez_Explotacion_Cabalos_2.jpg-1536x1024.jpeg 1536w, https:\/\/ppdegalicia.com\/wp-content\/uploads\/2026\/01\/20241109_AVazquez_Explotacion_Cabalos_2.jpg-2048x1365.jpeg 2048w\" sizes=\"(max-width: 1024px) 100vw, 1024px\" \/><span class=\"raven-post-image-overlay\"><\/span><\/a><\/div><div class=\"raven-post-content\" data-id=\"69928\"><div class=\"raven-post-meta\"><a class=\"raven-post-meta-item raven-post-date\" href=\"https:\/\/ppdegalicia.com\/es\/2026\/01\/\" rel=\"bookmark\">martes, 27 de enero de 2026<\/a><\/div><h3 class=\"raven-post-title\"><a class=\"raven-post-title-link\" href=\"https:\/\/ppdegalicia.com\/es\/queremos-un-mercosur-con-garantias\/\"><span style=\"font-style: italic;\">Queremos un Mercosur con garant\u00edas<\/span><\/a><\/h3><div class=\"raven-post-excerpt\"><strong><em>Adri\u00e1n V\u00e1zquez L\u00e1zara.<\/em><\/strong><br>\r\n<p style=\"font-weight: 400;\">Los tiempos del nuevo mundo que se est\u00e1 configurando son m\u00e1s acelerados que nunca.<\/p><\/div><div class=\"raven-post-read-more\"><a class=\"raven-post-button\" href=\"https:\/\/ppdegalicia.com\/es\/queremos-un-mercosur-con-garantias\/\"><span class=\"raven-post-button-text\">Leer m\u00e1s<\/span><\/a><\/div><\/div><\/div><\/div><\/div>\t\t\t<\/div>\n\t\t\t<span class=\"raven-posts-preloader\"><\/span><div class=\"raven-pagination\" data-settings=\"{&quot;posts_per_page&quot;:9,&quot;total_pages&quot;:4,&quot;pages_visible&quot;:7}\"><div class=\"raven-pagination-items\"><a class=\"raven-pagination-prev raven-pagination-item raven-pagination-disabled\" href=\"#\">&laquo; Prev<\/a><a class=\"raven-pagination-num raven-pagination-item raven-pagination-active\" href=\"#\" data-page-num=\"1\">1<\/a><a class=\"raven-pagination-num raven-pagination-item\" href=\"#\" data-page-num=\"2\">2<\/a><a class=\"raven-pagination-num raven-pagination-item\" href=\"#\" data-page-num=\"3\">3<\/a><a class=\"raven-pagination-num raven-pagination-item\" href=\"#\" data-page-num=\"4\">4<\/a><a class=\"raven-pagination-next raven-pagination-item\" href=\"#\">Next &raquo;<\/a><\/div><\/div>\t\t<\/div>\n\t\t\t\t\t\t<\/div>\n\t\t\t\t<\/div>\n\t\t\t\t\t<\/div>\n\t\t<\/div>\n\t\t\t\t\t<\/div>\n\t\t<\/section>\n\t\t\t\t<\/div>\n\t\t","protected":false},"excerpt":{"rendered":"<p>Actualidad Opini\u00f3n viernes, 18 de octubre de 2024 Adri\u00e1n V\u00e1zquez: \u201cLas obsesiones de quienes no quieren que Galicia avance y atraiga inversiones chocan de nuevo con la Comisi\u00f3n Europea\u201d Adri\u00e1n V\u00e1zquez, eurodiputado del PPdeG, se\u00f1ala que \u201clas obsesiones de quienes no quieren que Galicia avance y atraigaLeer m\u00e1s<\/p>\n","protected":false},"author":1,"featured_media":0,"parent":0,"menu_order":0,"comment_status":"closed","ping_status":"closed","template":"full-width.php","meta":{"_acf_changed":false,"footnotes":""},"class_list":["post-65713","page","type-page","status-publish","hentry"],"acf":[],"yoast_head":"<!-- This site is optimized with the Yoast SEO plugin v27.3 - https:\/\/yoast.com\/product\/yoast-seo-wordpress\/ -->\n<title>Art\u00edculo de opini\u00f3n del Partido Popular de Galicia<\/title>\n<meta name=\"description\" content=\"Conoce la actualidad desde los art\u00edculos de opini\u00f3n del Partido Popular de Galicia\" \/>\n<meta name=\"robots\" content=\"index, follow, max-snippet:-1, max-image-preview:large, max-video-preview:-1\" \/>\n<link rel=\"canonical\" href=\"https:\/\/ppdegalicia.com\/es\/actualidade-opinion\/\" \/>\n<meta property=\"og:locale\" content=\"es_ES\" \/>\n<meta property=\"og:type\" content=\"article\" \/>\n<meta property=\"og:title\" content=\"Art\u00edculo de opini\u00f3n del Partido Popular de Galicia\" \/>\n<meta property=\"og:description\" content=\"Conoce la actualidad desde los art\u00edculos de opini\u00f3n del Partido Popular de Galicia\" \/>\n<meta property=\"og:url\" content=\"https:\/\/ppdegalicia.com\/es\/actualidade-opinion\/\" \/>\n<meta property=\"og:site_name\" content=\"PP de Galicia\" \/>\n<meta property=\"article:publisher\" content=\"https:\/\/www.instagram.com\/ppdegalicia\/\" \/>\n<meta property=\"article:modified_time\" content=\"2025-02-10T11:42:27+00:00\" \/>\n<meta property=\"og:image\" content=\"https:\/\/ppdegalicia.com\/wp-content\/uploads\/2024\/10\/AdrianVazquez_PPdeG_UE-scaled.jpg\" \/>\n\t<meta property=\"og:image:width\" content=\"2560\" \/>\n\t<meta property=\"og:image:height\" content=\"1707\" \/>\n\t<meta property=\"og:image:type\" content=\"image\/jpeg\" \/>\n<meta name=\"twitter:card\" content=\"summary_large_image\" \/>\n<meta name=\"twitter:site\" content=\"@ppdegalicia\" \/>\n<meta name=\"twitter:label1\" content=\"Tiempo de lectura\" \/>\n\t<meta name=\"twitter:data1\" content=\"1 minuto\" \/>\n<script type=\"application\/ld+json\" class=\"yoast-schema-graph\">{\"@context\":\"https:\\\/\\\/schema.org\",\"@graph\":[{\"@type\":\"WebPage\",\"@id\":\"https:\\\/\\\/ppdegalicia.com\\\/es\\\/actualidade-opinion\\\/\",\"url\":\"https:\\\/\\\/ppdegalicia.com\\\/es\\\/actualidade-opinion\\\/\",\"name\":\"Art\u00edculo de opini\u00f3n del Partido Popular de Galicia\",\"isPartOf\":{\"@id\":\"https:\\\/\\\/ppdegalicia.com\\\/es\\\/#website\"},\"primaryImageOfPage\":{\"@id\":\"https:\\\/\\\/ppdegalicia.com\\\/es\\\/actualidade-opinion\\\/#primaryimage\"},\"image\":{\"@id\":\"https:\\\/\\\/ppdegalicia.com\\\/es\\\/actualidade-opinion\\\/#primaryimage\"},\"thumbnailUrl\":\"https:\\\/\\\/ppdegalicia.com\\\/wp-content\\\/uploads\\\/2024\\\/10\\\/AdrianVazquez_PPdeG_UE-1024x683.jpg\",\"datePublished\":\"2025-02-10T11:35:59+00:00\",\"dateModified\":\"2025-02-10T11:42:27+00:00\",\"description\":\"Conoce la actualidad desde los art\u00edculos de opini\u00f3n del Partido Popular de Galicia\",\"breadcrumb\":{\"@id\":\"https:\\\/\\\/ppdegalicia.com\\\/es\\\/actualidade-opinion\\\/#breadcrumb\"},\"inLanguage\":\"es\",\"potentialAction\":[{\"@type\":\"ReadAction\",\"target\":[\"https:\\\/\\\/ppdegalicia.com\\\/es\\\/actualidade-opinion\\\/\"]}]},{\"@type\":\"ImageObject\",\"inLanguage\":\"es\",\"@id\":\"https:\\\/\\\/ppdegalicia.com\\\/es\\\/actualidade-opinion\\\/#primaryimage\",\"url\":\"https:\\\/\\\/ppdegalicia.com\\\/wp-content\\\/uploads\\\/2024\\\/10\\\/AdrianVazquez_PPdeG_UE-1024x683.jpg\",\"contentUrl\":\"https:\\\/\\\/ppdegalicia.com\\\/wp-content\\\/uploads\\\/2024\\\/10\\\/AdrianVazquez_PPdeG_UE-1024x683.jpg\"},{\"@type\":\"BreadcrumbList\",\"@id\":\"https:\\\/\\\/ppdegalicia.com\\\/es\\\/actualidade-opinion\\\/#breadcrumb\",\"itemListElement\":[{\"@type\":\"ListItem\",\"position\":1,\"name\":\"Portada\",\"item\":\"https:\\\/\\\/ppdegalicia.com\\\/es\\\/\"},{\"@type\":\"ListItem\",\"position\":2,\"name\":\"Actualidad Opini\u00f3n\"}]},{\"@type\":\"WebSite\",\"@id\":\"https:\\\/\\\/ppdegalicia.com\\\/es\\\/#website\",\"url\":\"https:\\\/\\\/ppdegalicia.com\\\/es\\\/\",\"name\":\"Partido Popular de Galicia\",\"description\":\"Partido Popular de Galicia\",\"publisher\":{\"@id\":\"https:\\\/\\\/ppdegalicia.com\\\/es\\\/#organization\"},\"alternateName\":\"PP de Galicia\",\"potentialAction\":[{\"@type\":\"SearchAction\",\"target\":{\"@type\":\"EntryPoint\",\"urlTemplate\":\"https:\\\/\\\/ppdegalicia.com\\\/es\\\/?s={search_term_string}\"},\"query-input\":{\"@type\":\"PropertyValueSpecification\",\"valueRequired\":true,\"valueName\":\"search_term_string\"}}],\"inLanguage\":\"es\"},{\"@type\":\"Organization\",\"@id\":\"https:\\\/\\\/ppdegalicia.com\\\/es\\\/#organization\",\"name\":\"Partido Popular de Galicia\",\"alternateName\":\"PP de Galicia\",\"url\":\"https:\\\/\\\/ppdegalicia.com\\\/es\\\/\",\"logo\":{\"@type\":\"ImageObject\",\"inLanguage\":\"es\",\"@id\":\"https:\\\/\\\/ppdegalicia.com\\\/es\\\/#\\\/schema\\\/logo\\\/image\\\/\",\"url\":\"https:\\\/\\\/ppdegalicia.com\\\/wp-content\\\/uploads\\\/2023\\\/04\\\/logoPP512.png\",\"contentUrl\":\"https:\\\/\\\/ppdegalicia.com\\\/wp-content\\\/uploads\\\/2023\\\/04\\\/logoPP512.png\",\"width\":512,\"height\":512,\"caption\":\"Partido Popular de Galicia\"},\"image\":{\"@id\":\"https:\\\/\\\/ppdegalicia.com\\\/es\\\/#\\\/schema\\\/logo\\\/image\\\/\"},\"sameAs\":[\"https:\\\/\\\/www.instagram.com\\\/ppdegalicia\\\/\",\"https:\\\/\\\/x.com\\\/ppdegalicia\",\"https:\\\/\\\/www.tiktok.com\\\/@ppdegalicia\",\"https:\\\/\\\/www.youtube.com\\\/user\\\/ppdegalicia\"]}]}<\/script>\n<!-- \/ Yoast SEO plugin. -->","yoast_head_json":{"title":"Art\u00edculo de opini\u00f3n del Partido Popular de Galicia","description":"Conoce la actualidad desde los art\u00edculos de opini\u00f3n del Partido Popular de Galicia","robots":{"index":"index","follow":"follow","max-snippet":"max-snippet:-1","max-image-preview":"max-image-preview:large","max-video-preview":"max-video-preview:-1"},"canonical":"https:\/\/ppdegalicia.com\/es\/actualidade-opinion\/","og_locale":"es_ES","og_type":"article","og_title":"Art\u00edculo de opini\u00f3n del Partido Popular de Galicia","og_description":"Conoce la actualidad desde los art\u00edculos de opini\u00f3n del Partido Popular de Galicia","og_url":"https:\/\/ppdegalicia.com\/es\/actualidade-opinion\/","og_site_name":"PP de Galicia","article_publisher":"https:\/\/www.instagram.com\/ppdegalicia\/","article_modified_time":"2025-02-10T11:42:27+00:00","og_image":[{"width":2560,"height":1707,"url":"https:\/\/ppdegalicia.com\/wp-content\/uploads\/2024\/10\/AdrianVazquez_PPdeG_UE-scaled.jpg","type":"image\/jpeg"}],"twitter_card":"summary_large_image","twitter_site":"@ppdegalicia","twitter_misc":{"Tiempo de lectura":"1 minuto"},"schema":{"@context":"https:\/\/schema.org","@graph":[{"@type":"WebPage","@id":"https:\/\/ppdegalicia.com\/es\/actualidade-opinion\/","url":"https:\/\/ppdegalicia.com\/es\/actualidade-opinion\/","name":"Art\u00edculo de opini\u00f3n del Partido Popular de Galicia","isPartOf":{"@id":"https:\/\/ppdegalicia.com\/es\/#website"},"primaryImageOfPage":{"@id":"https:\/\/ppdegalicia.com\/es\/actualidade-opinion\/#primaryimage"},"image":{"@id":"https:\/\/ppdegalicia.com\/es\/actualidade-opinion\/#primaryimage"},"thumbnailUrl":"https:\/\/ppdegalicia.com\/wp-content\/uploads\/2024\/10\/AdrianVazquez_PPdeG_UE-1024x683.jpg","datePublished":"2025-02-10T11:35:59+00:00","dateModified":"2025-02-10T11:42:27+00:00","description":"Conoce la actualidad desde los art\u00edculos de opini\u00f3n del Partido Popular de Galicia","breadcrumb":{"@id":"https:\/\/ppdegalicia.com\/es\/actualidade-opinion\/#breadcrumb"},"inLanguage":"es","potentialAction":[{"@type":"ReadAction","target":["https:\/\/ppdegalicia.com\/es\/actualidade-opinion\/"]}]},{"@type":"ImageObject","inLanguage":"es","@id":"https:\/\/ppdegalicia.com\/es\/actualidade-opinion\/#primaryimage","url":"https:\/\/ppdegalicia.com\/wp-content\/uploads\/2024\/10\/AdrianVazquez_PPdeG_UE-1024x683.jpg","contentUrl":"https:\/\/ppdegalicia.com\/wp-content\/uploads\/2024\/10\/AdrianVazquez_PPdeG_UE-1024x683.jpg"},{"@type":"BreadcrumbList","@id":"https:\/\/ppdegalicia.com\/es\/actualidade-opinion\/#breadcrumb","itemListElement":[{"@type":"ListItem","position":1,"name":"Portada","item":"https:\/\/ppdegalicia.com\/es\/"},{"@type":"ListItem","position":2,"name":"Actualidad Opini\u00f3n"}]},{"@type":"WebSite","@id":"https:\/\/ppdegalicia.com\/es\/#website","url":"https:\/\/ppdegalicia.com\/es\/","name":"Partido Popular de Galicia","description":"Partido Popular de Galicia","publisher":{"@id":"https:\/\/ppdegalicia.com\/es\/#organization"},"alternateName":"PP de Galicia","potentialAction":[{"@type":"SearchAction","target":{"@type":"EntryPoint","urlTemplate":"https:\/\/ppdegalicia.com\/es\/?s={search_term_string}"},"query-input":{"@type":"PropertyValueSpecification","valueRequired":true,"valueName":"search_term_string"}}],"inLanguage":"es"},{"@type":"Organization","@id":"https:\/\/ppdegalicia.com\/es\/#organization","name":"Partido Popular de Galicia","alternateName":"PP de Galicia","url":"https:\/\/ppdegalicia.com\/es\/","logo":{"@type":"ImageObject","inLanguage":"es","@id":"https:\/\/ppdegalicia.com\/es\/#\/schema\/logo\/image\/","url":"https:\/\/ppdegalicia.com\/wp-content\/uploads\/2023\/04\/logoPP512.png","contentUrl":"https:\/\/ppdegalicia.com\/wp-content\/uploads\/2023\/04\/logoPP512.png","width":512,"height":512,"caption":"Partido Popular de Galicia"},"image":{"@id":"https:\/\/ppdegalicia.com\/es\/#\/schema\/logo\/image\/"},"sameAs":["https:\/\/www.instagram.com\/ppdegalicia\/","https:\/\/x.com\/ppdegalicia","https:\/\/www.tiktok.com\/@ppdegalicia","https:\/\/www.youtube.com\/user\/ppdegalicia"]}]}},"_links":{"self":[{"href":"https:\/\/ppdegalicia.com\/es\/wp-json\/wp\/v2\/pages\/65713","targetHints":{"allow":["GET"]}}],"collection":[{"href":"https:\/\/ppdegalicia.com\/es\/wp-json\/wp\/v2\/pages"}],"about":[{"href":"https:\/\/ppdegalicia.com\/es\/wp-json\/wp\/v2\/types\/page"}],"author":[{"embeddable":true,"href":"https:\/\/ppdegalicia.com\/es\/wp-json\/wp\/v2\/users\/1"}],"replies":[{"embeddable":true,"href":"https:\/\/ppdegalicia.com\/es\/wp-json\/wp\/v2\/comments?post=65713"}],"version-history":[{"count":7,"href":"https:\/\/ppdegalicia.com\/es\/wp-json\/wp\/v2\/pages\/65713\/revisions"}],"predecessor-version":[{"id":65723,"href":"https:\/\/ppdegalicia.com\/es\/wp-json\/wp\/v2\/pages\/65713\/revisions\/65723"}],"wp:attachment":[{"href":"https:\/\/ppdegalicia.com\/es\/wp-json\/wp\/v2\/media?parent=65713"}],"curies":[{"name":"wp","href":"https:\/\/api.w.org\/{rel}","templated":true}]}}